{"id":18288,"date":"2023-02-07T19:51:29","date_gmt":"2023-02-07T18:51:29","guid":{"rendered":"https:\/\/musica.santjosep.org\/?post_type=musicos&#038;p=18288"},"modified":"2023-02-07T19:51:29","modified_gmt":"2023-02-07T18:51:29","slug":"leilah-iggy","status":"publish","type":"musicos","link":"https:\/\/musica.santjosep.org\/es\/musicos\/leilah-iggy\/","title":{"rendered":"Leilah &#038; Iggy"},"content":{"rendered":"<div class=\"wpb-content-wrapper\"><p>[vc_row][vc_column]<div class=\"edgtf-image-gallery  edgtf-ig-slider-type edgtf-large-space  \">\n\t<div class=\"edgtf-ig-slider edgtf-owl-slider\" data-number-of-items=\"1\" data-enable-loop=\"yes\" data-enable-autoplay=\"yes\" data-slider-speed=\"5000\" data-slider-speed-animation=\"600\" data-slider-padding=\"no\" data-enable-navigation=\"yes\" data-enable-pagination=\"yes\">\n\t\t\t\t\t<div class=\"edgtf-ig-image\">\n\t\t\t\t\t\t\t\t\t<img loading=\"lazy\" decoding=\"async\" width=\"1400\" height=\"933\" src=\"https:\/\/musica.santjosep.org\/wp-content\/uploads\/2023\/02\/leilah-iggi-1-rec.jpg\" class=\"attachment-full size-full\" alt=\"\" srcset=\"https:\/\/musica.santjosep.org\/wp-content\/uploads\/2023\/02\/leilah-iggi-1-rec.jpg 1400w, https:\/\/musica.santjosep.org\/wp-content\/uploads\/2023\/02\/leilah-iggi-1-rec-300x200.jpg 300w, https:\/\/musica.santjosep.org\/wp-content\/uploads\/2023\/02\/leilah-iggi-1-rec-1024x682.jpg 1024w, https:\/\/musica.santjosep.org\/wp-content\/uploads\/2023\/02\/leilah-iggi-1-rec-768x512.jpg 768w\" sizes=\"auto, (max-width: 1400px) 100vw, 1400px\" \/>\t\t\t\t\t\t\t<\/div>\n\t\t\t\t\t<div class=\"edgtf-ig-image\">\n\t\t\t\t\t\t\t\t\t<img loading=\"lazy\" decoding=\"async\" width=\"1400\" height=\"933\" src=\"https:\/\/musica.santjosep.org\/wp-content\/uploads\/2023\/02\/leilah-iggi-2-rec.jpg\" class=\"attachment-full size-full\" alt=\"\" srcset=\"https:\/\/musica.santjosep.org\/wp-content\/uploads\/2023\/02\/leilah-iggi-2-rec.jpg 1400w, https:\/\/musica.santjosep.org\/wp-content\/uploads\/2023\/02\/leilah-iggi-2-rec-300x200.jpg 300w, https:\/\/musica.santjosep.org\/wp-content\/uploads\/2023\/02\/leilah-iggi-2-rec-1024x682.jpg 1024w, https:\/\/musica.santjosep.org\/wp-content\/uploads\/2023\/02\/leilah-iggi-2-rec-768x512.jpg 768w\" sizes=\"auto, (max-width: 1400px) 100vw, 1400px\" \/>\t\t\t\t\t\t\t<\/div>\n\t\t\t\t\t<div class=\"edgtf-ig-image\">\n\t\t\t\t\t\t\t\t\t<img loading=\"lazy\" decoding=\"async\" width=\"1400\" height=\"933\" src=\"https:\/\/musica.santjosep.org\/wp-content\/uploads\/2023\/02\/leilah-iggi-4-rec.jpg\" class=\"attachment-full size-full\" alt=\"\" srcset=\"https:\/\/musica.santjosep.org\/wp-content\/uploads\/2023\/02\/leilah-iggi-4-rec.jpg 1400w, https:\/\/musica.santjosep.org\/wp-content\/uploads\/2023\/02\/leilah-iggi-4-rec-300x200.jpg 300w, https:\/\/musica.santjosep.org\/wp-content\/uploads\/2023\/02\/leilah-iggi-4-rec-1024x682.jpg 1024w, https:\/\/musica.santjosep.org\/wp-content\/uploads\/2023\/02\/leilah-iggi-4-rec-768x512.jpg 768w\" sizes=\"auto, (max-width: 1400px) 100vw, 1400px\" \/>\t\t\t\t\t\t\t<\/div>\n\t\t\t\t\t<div class=\"edgtf-ig-image\">\n\t\t\t\t\t\t\t\t\t<img loading=\"lazy\" decoding=\"async\" width=\"1400\" height=\"933\" src=\"https:\/\/musica.santjosep.org\/wp-content\/uploads\/2023\/02\/leilah-iggi-3-rec.jpg\" class=\"attachment-full size-full\" alt=\"\" srcset=\"https:\/\/musica.santjosep.org\/wp-content\/uploads\/2023\/02\/leilah-iggi-3-rec.jpg 1400w, https:\/\/musica.santjosep.org\/wp-content\/uploads\/2023\/02\/leilah-iggi-3-rec-300x200.jpg 300w, https:\/\/musica.santjosep.org\/wp-content\/uploads\/2023\/02\/leilah-iggi-3-rec-1024x682.jpg 1024w, https:\/\/musica.santjosep.org\/wp-content\/uploads\/2023\/02\/leilah-iggi-3-rec-768x512.jpg 768w\" sizes=\"auto, (max-width: 1400px) 100vw, 1400px\" \/>\t\t\t\t\t\t\t<\/div>\n\t\t\t<\/div>\n<\/div>[\/vc_column][\/vc_row][vc_row el_id=\u00bbb2musico\u00bb][vc_column width=\u00bb1\/3&#8243;][vc_column_text]<div class=\"titsmall\">Contacto<\/div><a href=\"tel:+34656 580 517\" target=\"_blank\" class=\"campoficha w100\">656 580 517<\/a><div class=\"titsmall\">Redes<\/div><a href=\"https:\/\/www.facebook.com\/leilahbmusic\" target=\"_blank\" class=\"campoficha\" ><span class=\"fab fa-facebook\"><\/span><\/a><a href=\"https:\/\/www.instagram.com\/iggi.torres\/\" target=\"_blank\" class=\"campoficha\"><span class=\"fab fa-instagram\"><\/span><\/a>[\/vc_column_text][vc_column_text]<div class=\"container enfunc\" id=\"eventos_rel_bymusico_pas\">\n\t\t\t\t<h2 class=\"titsmall\">Eventos pasados<\/h2>\n\t\t\t\t<div class=\"vc_row-fluid\"><div class=\"tarjevent\"><a href=\"https:\/\/musica.santjosep.org\/es\/concierto\/folk-y-rock-americano-con-leilah-iggi-en-el-restaurante-sa-caleta\/\" class=\"img_event_content\">\n\t\t\t\t\t\t\t\t<div class=\"tribe-event-schedule-details\">\n\t\t\t\t\t\t\t\t\t<span class=\"e-dia\">05<\/span>\n\t\t\t\t\t\t\t\t\t<span class=\"e-mes\">May<\/span>\n\t\t\t\t\t\t\t\t<\/div>\n\t\t\t\t\t\t\t\t<img decoding=\"async\" src=\"https:\/\/musica.santjosep.org\/wp-content\/uploads\/2023\/05\/leilah-iggi-2-rec.jpg\">\n\t\t\t\t\t\t\t\t<\/a><div class=\"tribe-events-event-details tribe-clearfix\">\n\t\t\t\t\t\t\t\t<div class=\"tribe-events-event-meta\">\n\t\t\t\t\t\t\t\t\tSa Caleta\n\t\t\t\t\t\t\t\t<\/div>\n\t\t\t\t\t\t\t\t<h3 class=\"tribe-events-list-event-title\">\n\t\t\t\t\t\t\t\t\t<a class=\"tribe-event-url\" href=\"https:\/\/musica.santjosep.org\/es\/concierto\/folk-y-rock-americano-con-leilah-iggi-en-el-restaurante-sa-caleta\/\" title=\"\" rel=\"bookmark\">Folk y rock americano con Leilah & Iggi, en el restaurante Sa Caleta<\/a>\n\t\t\t\t\t\t\t\t<\/h3>\n\n\t\t\t\t\t\t\t<\/div>\n\n\t\t\t\t\t\t<\/div><div class=\"tarjevent\"><a href=\"https:\/\/musica.santjosep.org\/es\/concierto\/leilah-iggi-llevan-su-folk-y-rock-americano-a-la-cantina-la-pandilla-en-ses-salines\/\" class=\"img_event_content\">\n\t\t\t\t\t\t\t\t<div class=\"tribe-event-schedule-details\">\n\t\t\t\t\t\t\t\t\t<span class=\"e-dia\">18<\/span>\n\t\t\t\t\t\t\t\t\t<span class=\"e-mes\">Feb<\/span>\n\t\t\t\t\t\t\t\t<\/div>\n\t\t\t\t\t\t\t\t<img decoding=\"async\" src=\"https:\/\/musica.santjosep.org\/wp-content\/uploads\/2023\/02\/leilah-iggi-1-rec-1.jpg\">\n\t\t\t\t\t\t\t\t<\/a><div class=\"tribe-events-event-details tribe-clearfix\">\n\t\t\t\t\t\t\t\t<div class=\"tribe-events-event-meta\">\n\t\t\t\t\t\t\t\t\tLa Pandilla\n\t\t\t\t\t\t\t\t<\/div>\n\t\t\t\t\t\t\t\t<h3 class=\"tribe-events-list-event-title\">\n\t\t\t\t\t\t\t\t\t<a class=\"tribe-event-url\" href=\"https:\/\/musica.santjosep.org\/es\/concierto\/leilah-iggi-llevan-su-folk-y-rock-americano-a-la-cantina-la-pandilla-en-ses-salines\/\" title=\"\" rel=\"bookmark\">Leilah & Iggi llevan su folk y rock americano a la cantina La Pandilla, en ses Salines<\/a>\n\t\t\t\t\t\t\t\t<\/h3>\n\n\t\t\t\t\t\t\t<\/div>\n\n\t\t\t\t\t\t<\/div><div class=\"tarjevent\"><a href=\"https:\/\/musica.santjosep.org\/es\/concierto\/folk-y-rock-a-duo-con-leilah-iggi-en-el-restaurante-sa-caleta\/\" class=\"img_event_content\">\n\t\t\t\t\t\t\t\t<div class=\"tribe-event-schedule-details\">\n\t\t\t\t\t\t\t\t\t<span class=\"e-dia\">10<\/span>\n\t\t\t\t\t\t\t\t\t<span class=\"e-mes\">Feb<\/span>\n\t\t\t\t\t\t\t\t<\/div>\n\t\t\t\t\t\t\t\t<img decoding=\"async\" src=\"https:\/\/musica.santjosep.org\/wp-content\/uploads\/2023\/02\/leilah-iggi-2-rec.jpg\">\n\t\t\t\t\t\t\t\t<\/a><div class=\"tribe-events-event-details tribe-clearfix\">\n\t\t\t\t\t\t\t\t<div class=\"tribe-events-event-meta\">\n\t\t\t\t\t\t\t\t\tSa Caleta\n\t\t\t\t\t\t\t\t<\/div>\n\t\t\t\t\t\t\t\t<h3 class=\"tribe-events-list-event-title\">\n\t\t\t\t\t\t\t\t\t<a class=\"tribe-event-url\" href=\"https:\/\/musica.santjosep.org\/es\/concierto\/folk-y-rock-a-duo-con-leilah-iggi-en-el-restaurante-sa-caleta\/\" title=\"\" rel=\"bookmark\">Folk y rock a d\u00fao, con Leilah & Iggi, en el restaurante Sa Caleta<\/a>\n\t\t\t\t\t\t\t\t<\/h3>\n\n\t\t\t\t\t\t\t<\/div>\n\n\t\t\t\t\t\t<\/div><\/div><\/div>[\/vc_column_text][\/vc_column][vc_column width=\u00bb2\/3&#8243;][vc_column_text el_class=\u00bbtexto_musico\u00bb]D\u00fao de voces y guitarras formado por Leilah Broukhim e Iggi Torres, con un repertorio de folk y rock americano, as\u00ed como temas propios de esta joven compositora.<\/p>\n<p>Leilah, cantautora y bailaora de flamenco nacida en Nueva York, se crio en esta ciudad en una casa jud\u00eda-iran\u00ed llena de m\u00fasica de todos los g\u00e9neros y de todos los rincones del mundo. Despu\u00e9s de graduarse en la Universidad de Columbia con una licenciatura en Estudios de Cine, en el a\u00f1o 2000, Leilah se traslada a Espa\u00f1a impulsada por su amor al arte flamenco y en la actualidad dirige su propia compa\u00f1\u00eda de baile. Comienza a tocar la guitarra en el 2015 y muy poco despu\u00e9s escribe su primera canci\u00f3n de folk americano. En el 2020, Leilah lanza cuatro singles producidos por Fernando Vacas en Eureka Estudios (C\u00f3rdoba) y en 2022 saca su primer EP titulado <em>The Curve<\/em>.<\/p>\n<p>Iggi Torres, por su parte, es un artista catal\u00e1n afincado en la isla desde hace a\u00f1os, que toca con multitud de grupos, a menudo como guitarrista y cantante. Es habitual verlo con m\u00fasicos como el guitarrista Norberto Rodr\u00edguez o el teclista de Hammond Cristian Krivoruchko y tambi\u00e9n forma parte de bandas como Back in 5, donde tambi\u00e9n act\u00faa Leilah, y Chritikal Mike.[\/vc_column_text][vc_row_inner][vc_column_inner][vc_column_text][\/vc_column_text][vc_column_text el_class=\u00bbtitsmall\u00bb]Videos[\/vc_column_text][vc_video link=\u00bbhttps:\/\/youtu.be\/qKQmTU5aEPk\u00bb title=\u00bb\u2018September in Seville\u2019 (Leilah Broukhim)\u00bb][\/vc_column_inner][\/vc_row_inner][vc_column_text el_class=\u00bblinkvertodos\u00bb]<a href=\"https:\/\/musica.santjosep.org\/es\/musicos-santjosep\/\">Ver todos los m\u00fasicos de Sant Josep<\/a>[\/vc_column_text][\/vc_column][\/vc_row]<\/p>\n<\/div>","protected":false},"excerpt":{"rendered":"<p>D\u00fao ac\u00fastico de voz y guitarra con versiones de folk y rock, formado por la norteamericana Leilah Broukhim y el catal\u00e1n Iggi Torres.<\/p>\n","protected":false},"author":2,"featured_media":18289,"template":"","meta":{"_acf_changed":false,"footnotes":""},"categories":[],"class_list":["post-18288","musicos","type-musicos","status-publish","has-post-thumbnail","hentry"],"acf":[],"yoast_head":"<!-- This site is optimized with the Yoast SEO plugin v26.6 - https:\/\/yoast.com\/wordpress\/plugins\/seo\/ -->\n<title>Leilah &amp; Iggy - Sant Josep \u00e9s m\u00fasica<\/title>\n<meta name=\"robots\" content=\"index, follow, max-snippet:-1, max-image-preview:large, max-video-preview:-1\" \/>\n<link rel=\"canonical\" href=\"https:\/\/musica.santjosep.org\/es\/musicos\/leilah-iggy\/\" \/>\n<meta property=\"og:locale\" content=\"es_ES\" \/>\n<meta property=\"og:type\" content=\"article\" \/>\n<meta property=\"og:title\" content=\"Leilah &amp; Iggy - Sant Josep \u00e9s m\u00fasica\" \/>\n<meta property=\"og:description\" content=\"D\u00fao ac\u00fastico de voz y guitarra con versiones de folk y rock, formado por la norteamericana Leilah Broukhim y el catal\u00e1n Iggi Torres.\" \/>\n<meta property=\"og:url\" content=\"https:\/\/musica.santjosep.org\/es\/musicos\/leilah-iggy\/\" \/>\n<meta property=\"og:site_name\" content=\"Sant Josep \u00e9s m\u00fasica\" \/>\n<meta property=\"article:publisher\" content=\"https:\/\/www.facebook.com\/Sant-Josep-s-Msica-105337042007790\" \/>\n<meta property=\"og:image\" content=\"https:\/\/musica.santjosep.org\/wp-content\/uploads\/2023\/02\/leilah-iggi-1-rec.jpg\" \/>\n\t<meta property=\"og:image:width\" content=\"1400\" \/>\n\t<meta property=\"og:image:height\" content=\"933\" \/>\n\t<meta property=\"og:image:type\" content=\"image\/jpeg\" \/>\n<meta name=\"twitter:card\" content=\"summary_large_image\" \/>\n<meta name=\"twitter:site\" content=\"@MusicaSantJosep\" \/>\n<meta name=\"twitter:label1\" content=\"Tiempo de lectura\" \/>\n\t<meta name=\"twitter:data1\" content=\"2 minutos\" \/>\n<script type=\"application\/ld+json\" class=\"yoast-schema-graph\">{\"@context\":\"https:\/\/schema.org\",\"@graph\":[{\"@type\":\"WebPage\",\"@id\":\"https:\/\/musica.santjosep.org\/es\/musicos\/leilah-iggy\/\",\"url\":\"https:\/\/musica.santjosep.org\/es\/musicos\/leilah-iggy\/\",\"name\":\"Leilah & Iggy - Sant Josep \u00e9s m\u00fasica\",\"isPartOf\":{\"@id\":\"https:\/\/musica.santjosep.org\/es\/#website\"},\"primaryImageOfPage\":{\"@id\":\"https:\/\/musica.santjosep.org\/es\/musicos\/leilah-iggy\/#primaryimage\"},\"image\":{\"@id\":\"https:\/\/musica.santjosep.org\/es\/musicos\/leilah-iggy\/#primaryimage\"},\"thumbnailUrl\":\"https:\/\/musica.santjosep.org\/wp-content\/uploads\/2023\/02\/leilah-iggi-1-rec.jpg\",\"datePublished\":\"2023-02-07T18:51:29+00:00\",\"breadcrumb\":{\"@id\":\"https:\/\/musica.santjosep.org\/es\/musicos\/leilah-iggy\/#breadcrumb\"},\"inLanguage\":\"es\",\"potentialAction\":[{\"@type\":\"ReadAction\",\"target\":[\"https:\/\/musica.santjosep.org\/es\/musicos\/leilah-iggy\/\"]}]},{\"@type\":\"ImageObject\",\"inLanguage\":\"es\",\"@id\":\"https:\/\/musica.santjosep.org\/es\/musicos\/leilah-iggy\/#primaryimage\",\"url\":\"https:\/\/musica.santjosep.org\/wp-content\/uploads\/2023\/02\/leilah-iggi-1-rec.jpg\",\"contentUrl\":\"https:\/\/musica.santjosep.org\/wp-content\/uploads\/2023\/02\/leilah-iggi-1-rec.jpg\",\"width\":1400,\"height\":933},{\"@type\":\"BreadcrumbList\",\"@id\":\"https:\/\/musica.santjosep.org\/es\/musicos\/leilah-iggy\/#breadcrumb\",\"itemListElement\":[{\"@type\":\"ListItem\",\"position\":1,\"name\":\"Portada\",\"item\":\"https:\/\/musica.santjosep.org\/es\/\"},{\"@type\":\"ListItem\",\"position\":2,\"name\":\"M\u00fasicos\",\"item\":\"https:\/\/musica.santjosep.org\/es\/musicos\/\"},{\"@type\":\"ListItem\",\"position\":3,\"name\":\"Leilah &#038; Iggy\"}]},{\"@type\":\"WebSite\",\"@id\":\"https:\/\/musica.santjosep.org\/es\/#website\",\"url\":\"https:\/\/musica.santjosep.org\/es\/\",\"name\":\"Sant Josep \u00e9s m\u00fasica\",\"description\":\"Informaci\u00f3n actualizada de todos los conciertos, grupos y artistas que act\u00faen tanto en fiestas y festivales, como en establecimientos privados en el municipio de Sant Josep de sa Talaia\",\"publisher\":{\"@id\":\"https:\/\/musica.santjosep.org\/es\/#organization\"},\"potentialAction\":[{\"@type\":\"SearchAction\",\"target\":{\"@type\":\"EntryPoint\",\"urlTemplate\":\"https:\/\/musica.santjosep.org\/es\/?s={search_term_string}\"},\"query-input\":{\"@type\":\"PropertyValueSpecification\",\"valueRequired\":true,\"valueName\":\"search_term_string\"}}],\"inLanguage\":\"es\"},{\"@type\":\"Organization\",\"@id\":\"https:\/\/musica.santjosep.org\/es\/#organization\",\"name\":\"Sant Josep \u00e9s m\u00fasica\",\"url\":\"https:\/\/musica.santjosep.org\/es\/\",\"logo\":{\"@type\":\"ImageObject\",\"inLanguage\":\"es\",\"@id\":\"https:\/\/musica.santjosep.org\/es\/#\/schema\/logo\/image\/\",\"url\":\"https:\/\/musica.santjosep.org\/wp-content\/uploads\/2022\/01\/logo-SJEM.png\",\"contentUrl\":\"https:\/\/musica.santjosep.org\/wp-content\/uploads\/2022\/01\/logo-SJEM.png\",\"width\":213,\"height\":103,\"caption\":\"Sant Josep \u00e9s m\u00fasica\"},\"image\":{\"@id\":\"https:\/\/musica.santjosep.org\/es\/#\/schema\/logo\/image\/\"},\"sameAs\":[\"https:\/\/www.facebook.com\/Sant-Josep-s-Msica-105337042007790\",\"https:\/\/x.com\/MusicaSantJosep\",\"https:\/\/www.instagram.com\/musicasantjosep\/\",\"https:\/\/www.youtube.com\/channel\/UCBSLSUpqfrfsiOMVslmZEJA\"]}]}<\/script>\n<!-- \/ Yoast SEO plugin. -->","yoast_head_json":{"title":"Leilah & Iggy - Sant Josep \u00e9s m\u00fasica","robots":{"index":"index","follow":"follow","max-snippet":"max-snippet:-1","max-image-preview":"max-image-preview:large","max-video-preview":"max-video-preview:-1"},"canonical":"https:\/\/musica.santjosep.org\/es\/musicos\/leilah-iggy\/","og_locale":"es_ES","og_type":"article","og_title":"Leilah & Iggy - Sant Josep \u00e9s m\u00fasica","og_description":"D\u00fao ac\u00fastico de voz y guitarra con versiones de folk y rock, formado por la norteamericana Leilah Broukhim y el catal\u00e1n Iggi Torres.","og_url":"https:\/\/musica.santjosep.org\/es\/musicos\/leilah-iggy\/","og_site_name":"Sant Josep \u00e9s m\u00fasica","article_publisher":"https:\/\/www.facebook.com\/Sant-Josep-s-Msica-105337042007790","og_image":[{"width":1400,"height":933,"url":"https:\/\/musica.santjosep.org\/wp-content\/uploads\/2023\/02\/leilah-iggi-1-rec.jpg","type":"image\/jpeg"}],"twitter_card":"summary_large_image","twitter_site":"@MusicaSantJosep","twitter_misc":{"Tiempo de lectura":"2 minutos"},"schema":{"@context":"https:\/\/schema.org","@graph":[{"@type":"WebPage","@id":"https:\/\/musica.santjosep.org\/es\/musicos\/leilah-iggy\/","url":"https:\/\/musica.santjosep.org\/es\/musicos\/leilah-iggy\/","name":"Leilah & Iggy - Sant Josep \u00e9s m\u00fasica","isPartOf":{"@id":"https:\/\/musica.santjosep.org\/es\/#website"},"primaryImageOfPage":{"@id":"https:\/\/musica.santjosep.org\/es\/musicos\/leilah-iggy\/#primaryimage"},"image":{"@id":"https:\/\/musica.santjosep.org\/es\/musicos\/leilah-iggy\/#primaryimage"},"thumbnailUrl":"https:\/\/musica.santjosep.org\/wp-content\/uploads\/2023\/02\/leilah-iggi-1-rec.jpg","datePublished":"2023-02-07T18:51:29+00:00","breadcrumb":{"@id":"https:\/\/musica.santjosep.org\/es\/musicos\/leilah-iggy\/#breadcrumb"},"inLanguage":"es","potentialAction":[{"@type":"ReadAction","target":["https:\/\/musica.santjosep.org\/es\/musicos\/leilah-iggy\/"]}]},{"@type":"ImageObject","inLanguage":"es","@id":"https:\/\/musica.santjosep.org\/es\/musicos\/leilah-iggy\/#primaryimage","url":"https:\/\/musica.santjosep.org\/wp-content\/uploads\/2023\/02\/leilah-iggi-1-rec.jpg","contentUrl":"https:\/\/musica.santjosep.org\/wp-content\/uploads\/2023\/02\/leilah-iggi-1-rec.jpg","width":1400,"height":933},{"@type":"BreadcrumbList","@id":"https:\/\/musica.santjosep.org\/es\/musicos\/leilah-iggy\/#breadcrumb","itemListElement":[{"@type":"ListItem","position":1,"name":"Portada","item":"https:\/\/musica.santjosep.org\/es\/"},{"@type":"ListItem","position":2,"name":"M\u00fasicos","item":"https:\/\/musica.santjosep.org\/es\/musicos\/"},{"@type":"ListItem","position":3,"name":"Leilah &#038; Iggy"}]},{"@type":"WebSite","@id":"https:\/\/musica.santjosep.org\/es\/#website","url":"https:\/\/musica.santjosep.org\/es\/","name":"Sant Josep \u00e9s m\u00fasica","description":"Informaci\u00f3n actualizada de todos los conciertos, grupos y artistas que act\u00faen tanto en fiestas y festivales, como en establecimientos privados en el municipio de Sant Josep de sa Talaia","publisher":{"@id":"https:\/\/musica.santjosep.org\/es\/#organization"},"potentialAction":[{"@type":"SearchAction","target":{"@type":"EntryPoint","urlTemplate":"https:\/\/musica.santjosep.org\/es\/?s={search_term_string}"},"query-input":{"@type":"PropertyValueSpecification","valueRequired":true,"valueName":"search_term_string"}}],"inLanguage":"es"},{"@type":"Organization","@id":"https:\/\/musica.santjosep.org\/es\/#organization","name":"Sant Josep \u00e9s m\u00fasica","url":"https:\/\/musica.santjosep.org\/es\/","logo":{"@type":"ImageObject","inLanguage":"es","@id":"https:\/\/musica.santjosep.org\/es\/#\/schema\/logo\/image\/","url":"https:\/\/musica.santjosep.org\/wp-content\/uploads\/2022\/01\/logo-SJEM.png","contentUrl":"https:\/\/musica.santjosep.org\/wp-content\/uploads\/2022\/01\/logo-SJEM.png","width":213,"height":103,"caption":"Sant Josep \u00e9s m\u00fasica"},"image":{"@id":"https:\/\/musica.santjosep.org\/es\/#\/schema\/logo\/image\/"},"sameAs":["https:\/\/www.facebook.com\/Sant-Josep-s-Msica-105337042007790","https:\/\/x.com\/MusicaSantJosep","https:\/\/www.instagram.com\/musicasantjosep\/","https:\/\/www.youtube.com\/channel\/UCBSLSUpqfrfsiOMVslmZEJA"]}]}},"_links":{"self":[{"href":"https:\/\/musica.santjosep.org\/es\/wp-json\/wp\/v2\/musicos\/18288","targetHints":{"allow":["GET"]}}],"collection":[{"href":"https:\/\/musica.santjosep.org\/es\/wp-json\/wp\/v2\/musicos"}],"about":[{"href":"https:\/\/musica.santjosep.org\/es\/wp-json\/wp\/v2\/types\/musicos"}],"author":[{"embeddable":true,"href":"https:\/\/musica.santjosep.org\/es\/wp-json\/wp\/v2\/users\/2"}],"version-history":[{"count":0,"href":"https:\/\/musica.santjosep.org\/es\/wp-json\/wp\/v2\/musicos\/18288\/revisions"}],"wp:featuredmedia":[{"embeddable":true,"href":"https:\/\/musica.santjosep.org\/es\/wp-json\/wp\/v2\/media\/18289"}],"wp:attachment":[{"href":"https:\/\/musica.santjosep.org\/es\/wp-json\/wp\/v2\/media?parent=18288"}],"wp:term":[{"taxonomy":"category","embeddable":true,"href":"https:\/\/musica.santjosep.org\/es\/wp-json\/wp\/v2\/categories?post=18288"}],"curies":[{"name":"wp","href":"https:\/\/api.w.org\/{rel}","templated":true}]}}