{"id":13302,"date":"2022-09-07T22:50:21","date_gmt":"2022-09-07T20:50:21","guid":{"rendered":"https:\/\/musica.santjosep.org\/?post_type=musicos&#038;p=13302"},"modified":"2022-09-08T09:31:06","modified_gmt":"2022-09-08T07:31:06","slug":"musicaires-swing-band","status":"publish","type":"musicos","link":"https:\/\/musica.santjosep.org\/es\/musicos\/musicaires-swing-band\/","title":{"rendered":"Musicaires Swing Band"},"content":{"rendered":"<div class=\"wpb-content-wrapper\"><p>[vc_row][vc_column]<div class=\"edgtf-image-gallery  edgtf-ig-slider-type edgtf-large-space  \">\n\t<div class=\"edgtf-ig-slider edgtf-owl-slider\" data-number-of-items=\"1\" data-enable-loop=\"yes\" data-enable-autoplay=\"yes\" data-slider-speed=\"5000\" data-slider-speed-animation=\"600\" data-slider-padding=\"no\" data-enable-navigation=\"yes\" data-enable-pagination=\"yes\">\n\t\t\t\t\t<div class=\"edgtf-ig-image\">\n\t\t\t\t\t\t\t\t\t<img loading=\"lazy\" decoding=\"async\" width=\"1400\" height=\"933\" src=\"https:\/\/musica.santjosep.org\/wp-content\/uploads\/2022\/09\/musicaires1rec.jpg\" class=\"attachment-full size-full\" alt=\"\" srcset=\"https:\/\/musica.santjosep.org\/wp-content\/uploads\/2022\/09\/musicaires1rec.jpg 1400w, https:\/\/musica.santjosep.org\/wp-content\/uploads\/2022\/09\/musicaires1rec-300x200.jpg 300w, https:\/\/musica.santjosep.org\/wp-content\/uploads\/2022\/09\/musicaires1rec-1024x682.jpg 1024w, https:\/\/musica.santjosep.org\/wp-content\/uploads\/2022\/09\/musicaires1rec-768x512.jpg 768w\" sizes=\"auto, (max-width: 1400px) 100vw, 1400px\" \/>\t\t\t\t\t\t\t<\/div>\n\t\t\t\t\t<div class=\"edgtf-ig-image\">\n\t\t\t\t\t\t\t\t\t<div class=\"edgtf-image-with-caption\"><img loading=\"lazy\" decoding=\"async\" width=\"1400\" height=\"933\" src=\"https:\/\/musica.santjosep.org\/wp-content\/uploads\/2022\/09\/Musicaires-2rec.jpg\" class=\"attachment-full size-full\" alt=\"\" srcset=\"https:\/\/musica.santjosep.org\/wp-content\/uploads\/2022\/09\/Musicaires-2rec.jpg 1400w, https:\/\/musica.santjosep.org\/wp-content\/uploads\/2022\/09\/Musicaires-2rec-300x200.jpg 300w, https:\/\/musica.santjosep.org\/wp-content\/uploads\/2022\/09\/Musicaires-2rec-1024x682.jpg 1024w, https:\/\/musica.santjosep.org\/wp-content\/uploads\/2022\/09\/Musicaires-2rec-768x512.jpg 768w\" sizes=\"auto, (max-width: 1400px) 100vw, 1400px\" \/><div class=\"edgtf-custom-caption\">Joan F. Ribas<\/div><\/div>\t\t\t\t\t\t\t<\/div>\n\t\t\t\t\t<div class=\"edgtf-ig-image\">\n\t\t\t\t\t\t\t\t\t<img loading=\"lazy\" decoding=\"async\" width=\"1400\" height=\"933\" src=\"https:\/\/musica.santjosep.org\/wp-content\/uploads\/2022\/09\/musicaires3rec.jpg\" class=\"attachment-full size-full\" alt=\"\" srcset=\"https:\/\/musica.santjosep.org\/wp-content\/uploads\/2022\/09\/musicaires3rec.jpg 1400w, https:\/\/musica.santjosep.org\/wp-content\/uploads\/2022\/09\/musicaires3rec-300x200.jpg 300w, https:\/\/musica.santjosep.org\/wp-content\/uploads\/2022\/09\/musicaires3rec-1024x682.jpg 1024w, https:\/\/musica.santjosep.org\/wp-content\/uploads\/2022\/09\/musicaires3rec-768x512.jpg 768w\" sizes=\"auto, (max-width: 1400px) 100vw, 1400px\" \/>\t\t\t\t\t\t\t<\/div>\n\t\t\t\t\t<div class=\"edgtf-ig-image\">\n\t\t\t\t\t\t\t\t\t<img loading=\"lazy\" decoding=\"async\" width=\"1400\" height=\"933\" src=\"https:\/\/musica.santjosep.org\/wp-content\/uploads\/2022\/09\/musicaires2rec.jpg\" class=\"attachment-full size-full\" alt=\"\" srcset=\"https:\/\/musica.santjosep.org\/wp-content\/uploads\/2022\/09\/musicaires2rec.jpg 1400w, https:\/\/musica.santjosep.org\/wp-content\/uploads\/2022\/09\/musicaires2rec-300x200.jpg 300w, https:\/\/musica.santjosep.org\/wp-content\/uploads\/2022\/09\/musicaires2rec-1024x682.jpg 1024w, https:\/\/musica.santjosep.org\/wp-content\/uploads\/2022\/09\/musicaires2rec-768x512.jpg 768w\" sizes=\"auto, (max-width: 1400px) 100vw, 1400px\" \/>\t\t\t\t\t\t\t<\/div>\n\t\t\t\t\t<div class=\"edgtf-ig-image\">\n\t\t\t\t\t\t\t\t\t<img loading=\"lazy\" decoding=\"async\" width=\"1400\" height=\"933\" src=\"https:\/\/musica.santjosep.org\/wp-content\/uploads\/2022\/09\/musicaires4rec.jpg\" class=\"attachment-full size-full\" alt=\"\" srcset=\"https:\/\/musica.santjosep.org\/wp-content\/uploads\/2022\/09\/musicaires4rec.jpg 1400w, https:\/\/musica.santjosep.org\/wp-content\/uploads\/2022\/09\/musicaires4rec-300x200.jpg 300w, https:\/\/musica.santjosep.org\/wp-content\/uploads\/2022\/09\/musicaires4rec-1024x682.jpg 1024w, https:\/\/musica.santjosep.org\/wp-content\/uploads\/2022\/09\/musicaires4rec-768x512.jpg 768w\" sizes=\"auto, (max-width: 1400px) 100vw, 1400px\" \/>\t\t\t\t\t\t\t<\/div>\n\t\t\t\t\t<div class=\"edgtf-ig-image\">\n\t\t\t\t\t\t\t\t\t<div class=\"edgtf-image-with-caption\"><img loading=\"lazy\" decoding=\"async\" width=\"1400\" height=\"933\" src=\"https:\/\/musica.santjosep.org\/wp-content\/uploads\/2022\/09\/Musicaires-4rec.jpg\" class=\"attachment-full size-full\" alt=\"\" srcset=\"https:\/\/musica.santjosep.org\/wp-content\/uploads\/2022\/09\/Musicaires-4rec.jpg 1400w, https:\/\/musica.santjosep.org\/wp-content\/uploads\/2022\/09\/Musicaires-4rec-300x200.jpg 300w, https:\/\/musica.santjosep.org\/wp-content\/uploads\/2022\/09\/Musicaires-4rec-1024x682.jpg 1024w, https:\/\/musica.santjosep.org\/wp-content\/uploads\/2022\/09\/Musicaires-4rec-768x512.jpg 768w\" sizes=\"auto, (max-width: 1400px) 100vw, 1400px\" \/><div class=\"edgtf-custom-caption\">Joan F. Ribas<\/div><\/div>\t\t\t\t\t\t\t<\/div>\n\t\t\t<\/div>\n<\/div>[\/vc_column][\/vc_row][vc_row el_id=\u00bbb2musico\u00bb][vc_column width=\u00bb1\/3&#8243;][vc_column_text]<img decoding=\"async\" src=\"https:\/\/musica.santjosep.org\/wp-content\/uploads\/2022\/09\/file-page1-scaled.jpg\" class=\"logomusico\"><div class=\"titsmall\">Contacto<\/div><a href=\"mailto:casmusicaires@hotmail.com \" target=\"_blank\" class=\"campoficha w100\">casmusicaires@hotmail.com <\/a><a href=\"tel:+34669 218 075 \" target=\"_blank\" class=\"campoficha w100\">669 218 075 <\/a><a href=\"tel:+34679 448 939\" target=\"_blank\" class=\"campoficha w100\">679 448 939<\/a><div class=\"titsmall\">Web<\/div><a href=\"https:\/\/casmusicaires.com\"class=\"campoficha\" target=\"_blank\">casmusicaires.com<\/a><div class=\"titsmall\">Redes<\/div><a href=\"https:\/\/www.facebook.com\/musicairesswingband\" target=\"_blank\" class=\"campoficha\" ><span class=\"fab fa-facebook\"><\/span><\/a><a href=\"https:\/\/www.instagram.com\/musicairesswingband\/\" target=\"_blank\" class=\"campoficha\"><span class=\"fab fa-instagram\"><\/span><\/a>[\/vc_column_text][vc_column_text]<div class=\"container enfunc\" id=\"eventos_rel_bymusico_pas\">\n\t\t\t\t<h2 class=\"titsmall\">Eventos pasados<\/h2>\n\t\t\t\t<div class=\"vc_row-fluid\"><div class=\"tarjevent\"><a href=\"https:\/\/musica.santjosep.org\/es\/concierto\/noche-de-viernes-musical-en-rosanas-de-la-mano-del-trio-swingmatism\/\" class=\"img_event_content\">\n\t\t\t\t\t\t\t\t<div class=\"tribe-event-schedule-details\">\n\t\t\t\t\t\t\t\t\t<span class=\"e-dia\">20<\/span>\n\t\t\t\t\t\t\t\t\t<span class=\"e-mes\">Sep<\/span>\n\t\t\t\t\t\t\t\t<\/div>\n\t\t\t\t\t\t\t\t<img decoding=\"async\" src=\"https:\/\/musica.santjosep.org\/wp-content\/uploads\/2024\/08\/swingmatism-2-rec.jpg\">\n\t\t\t\t\t\t\t\t<\/a><div class=\"tribe-events-event-details tribe-clearfix\">\n\t\t\t\t\t\t\t\t<div class=\"tribe-events-event-meta\">\n\t\t\t\t\t\t\t\t\tRosana&#8217;s\n\t\t\t\t\t\t\t\t<\/div>\n\t\t\t\t\t\t\t\t<h3 class=\"tribe-events-list-event-title\">\n\t\t\t\t\t\t\t\t\t<a class=\"tribe-event-url\" href=\"https:\/\/musica.santjosep.org\/es\/concierto\/noche-de-viernes-musical-en-rosanas-de-la-mano-del-trio-swingmatism\/\" title=\"\" rel=\"bookmark\">Noche de viernes musical en Rosana\u2019s, de la mano del tr\u00edo Swingmatism<\/a>\n\t\t\t\t\t\t\t\t<\/h3>\n\n\t\t\t\t\t\t\t<\/div>\n\n\t\t\t\t\t\t<\/div><div class=\"tarjevent\"><a href=\"https:\/\/musica.santjosep.org\/es\/concierto\/el-trio-swingmatism-de-nuevo-en-la-terraza-de-cas-costas-con-su-repertorio-de-swing\/\" class=\"img_event_content\">\n\t\t\t\t\t\t\t\t<div class=\"tribe-event-schedule-details\">\n\t\t\t\t\t\t\t\t\t<span class=\"e-dia\">12<\/span>\n\t\t\t\t\t\t\t\t\t<span class=\"e-mes\">Sep<\/span>\n\t\t\t\t\t\t\t\t<\/div>\n\t\t\t\t\t\t\t\t<img decoding=\"async\" src=\"https:\/\/musica.santjosep.org\/wp-content\/uploads\/2024\/08\/swingmatism-rec.jpg\">\n\t\t\t\t\t\t\t\t<\/a><div class=\"tribe-events-event-details tribe-clearfix\">\n\t\t\t\t\t\t\t\t<div class=\"tribe-events-event-meta\">\n\t\t\t\t\t\t\t\t\tCas Costas\n\t\t\t\t\t\t\t\t<\/div>\n\t\t\t\t\t\t\t\t<h3 class=\"tribe-events-list-event-title\">\n\t\t\t\t\t\t\t\t\t<a class=\"tribe-event-url\" href=\"https:\/\/musica.santjosep.org\/es\/concierto\/el-trio-swingmatism-de-nuevo-en-la-terraza-de-cas-costas-con-su-repertorio-de-swing\/\" title=\"\" rel=\"bookmark\">El tr\u00edo Swingmatism, de nuevo en la terraza de Cas Costas, con su repertorio de swing<\/a>\n\t\t\t\t\t\t\t\t<\/h3>\n\n\t\t\t\t\t\t\t<\/div>\n\n\t\t\t\t\t\t<\/div><div class=\"tarjevent\"><a href=\"https:\/\/musica.santjosep.org\/es\/concierto\/nuevo-concierto-del-trio-swingmatism-en-el-restaurante-rosanas\/\" class=\"img_event_content\">\n\t\t\t\t\t\t\t\t<div class=\"tribe-event-schedule-details\">\n\t\t\t\t\t\t\t\t\t<span class=\"e-dia\">26<\/span>\n\t\t\t\t\t\t\t\t\t<span class=\"e-mes\">Jul<\/span>\n\t\t\t\t\t\t\t\t<\/div>\n\t\t\t\t\t\t\t\t<img decoding=\"async\" src=\"https:\/\/musica.santjosep.org\/wp-content\/uploads\/2024\/06\/Swingmatism-14.jpg\">\n\t\t\t\t\t\t\t\t<\/a><div class=\"tribe-events-event-details tribe-clearfix\">\n\t\t\t\t\t\t\t\t<div class=\"tribe-events-event-meta\">\n\t\t\t\t\t\t\t\t\tRosana&#8217;s\n\t\t\t\t\t\t\t\t<\/div>\n\t\t\t\t\t\t\t\t<h3 class=\"tribe-events-list-event-title\">\n\t\t\t\t\t\t\t\t\t<a class=\"tribe-event-url\" href=\"https:\/\/musica.santjosep.org\/es\/concierto\/nuevo-concierto-del-trio-swingmatism-en-el-restaurante-rosanas\/\" title=\"\" rel=\"bookmark\">Nuevo concierto del tr\u00edo Swingmatism, en el restaurante Rosana\u2019s<\/a>\n\t\t\t\t\t\t\t\t<\/h3>\n\n\t\t\t\t\t\t\t<\/div>\n\n\t\t\t\t\t\t<\/div><\/div><\/div>[\/vc_column_text][\/vc_column][vc_column width=\u00bb2\/3&#8243;][vc_column_text el_class=\u00bbtexto_musico\u00bb]El grupo Musicaires Swing Band surge en 2015 como parte del proyecto de la escuela de m\u00fasica <a href=\"https:\/\/musica.santjosep.org\/es\/servicios\/cas-musicaires\/\" target=\"_blank\" rel=\"noopener\">Cas Musicaires<\/a>. Se cre\u00f3 para ponerle banda sonora a las primeras clases de baile Lindy Hop que se hac\u00edan en el centro y ha acabado convirti\u00e9ndose en una de sus principales se\u00f1as de identidad. Son muchos los m\u00fasicos, maestros y alumnos que han pasado por esta formaci\u00f3n, que se caracteriza por la profesionalidad de sus integrantes y su alta capacidad para la improvisaci\u00f3n.<\/p>\n<p>Musicaires Swing Band tiene un repertorio muy completo, que abarca desde est\u00e1ndares de jazz y swing cl\u00e1sicos a un swing m\u00e1s actual y moderno, pasando por versiones de temas de rock llevados al swing. Actualmente la componen los dos hermanos impulsores de la escuela, Laura Mar\u00ed (guitarra y voz) y Natxo Mar\u00ed (saxo), junto con Naco Aschei (trompeta), Chema Pellico (contrabajo) y Andreas Fern\u00e1ndez (bater\u00eda).[\/vc_column_text][vc_row_inner][vc_column_inner][vc_column_text][\/vc_column_text][vc_column_text el_class=\u00bbtitsmall\u00bb]Videos[\/vc_column_text][vc_video link=\u00bbhttps:\/\/youtu.be\/_yvIXumXuJA\u00bb title=\u00bbDesescalada afinada\u00bb][vc_video link=\u00bbhttps:\/\/youtu.be\/xAuKeNsMykg\u00bb title=\u00bbStreet Concert\u00bb][\/vc_column_inner][\/vc_row_inner][vc_column_text el_class=\u00bblinkvertodos\u00bb]<a href=\"https:\/\/musica.santjosep.org\/es\/musicos-santjosep\/\">Ver todos los m\u00fasicos de Sant Josep<\/a>[\/vc_column_text][\/vc_column][\/vc_row]<\/p>\n<\/div>","protected":false},"excerpt":{"rendered":"<p>Quinteto vinculado a la escuela de m\u00fasica Cas Musicaires, con un amplio repertorio de temas de jazz y swing y gran capacidad para la improvisaci\u00f3n<\/p>\n","protected":false},"author":2,"featured_media":13303,"template":"","meta":{"_acf_changed":false,"footnotes":""},"categories":[],"class_list":["post-13302","musicos","type-musicos","status-publish","has-post-thumbnail","hentry"],"acf":[],"yoast_head":"<!-- This site is optimized with the Yoast SEO plugin v26.6 - https:\/\/yoast.com\/wordpress\/plugins\/seo\/ -->\n<title>Musicaires Swing Band - Sant Josep \u00e9s m\u00fasica<\/title>\n<meta name=\"robots\" content=\"index, follow, max-snippet:-1, max-image-preview:large, max-video-preview:-1\" \/>\n<link rel=\"canonical\" href=\"https:\/\/musica.santjosep.org\/es\/musicos\/musicaires-swing-band\/\" \/>\n<meta property=\"og:locale\" content=\"es_ES\" \/>\n<meta property=\"og:type\" content=\"article\" \/>\n<meta property=\"og:title\" content=\"Musicaires Swing Band - Sant Josep \u00e9s m\u00fasica\" \/>\n<meta property=\"og:description\" content=\"Quinteto vinculado a la escuela de m\u00fasica Cas Musicaires, con un amplio repertorio de temas de jazz y swing y gran capacidad para la improvisaci\u00f3n\" \/>\n<meta property=\"og:url\" content=\"https:\/\/musica.santjosep.org\/es\/musicos\/musicaires-swing-band\/\" \/>\n<meta property=\"og:site_name\" content=\"Sant Josep \u00e9s m\u00fasica\" \/>\n<meta property=\"article:publisher\" content=\"https:\/\/www.facebook.com\/Sant-Josep-s-Msica-105337042007790\" \/>\n<meta property=\"article:modified_time\" content=\"2022-09-08T07:31:06+00:00\" \/>\n<meta property=\"og:image\" content=\"https:\/\/musica.santjosep.org\/wp-content\/uploads\/2022\/09\/musicaires1rec.jpg\" \/>\n\t<meta property=\"og:image:width\" content=\"1400\" \/>\n\t<meta property=\"og:image:height\" content=\"933\" \/>\n\t<meta property=\"og:image:type\" content=\"image\/jpeg\" \/>\n<meta name=\"twitter:card\" content=\"summary_large_image\" \/>\n<meta name=\"twitter:site\" content=\"@MusicaSantJosep\" \/>\n<meta name=\"twitter:label1\" content=\"Tiempo de lectura\" \/>\n\t<meta name=\"twitter:data1\" content=\"1 minuto\" \/>\n<script type=\"application\/ld+json\" class=\"yoast-schema-graph\">{\"@context\":\"https:\/\/schema.org\",\"@graph\":[{\"@type\":\"WebPage\",\"@id\":\"https:\/\/musica.santjosep.org\/es\/musicos\/musicaires-swing-band\/\",\"url\":\"https:\/\/musica.santjosep.org\/es\/musicos\/musicaires-swing-band\/\",\"name\":\"Musicaires Swing Band - Sant Josep \u00e9s m\u00fasica\",\"isPartOf\":{\"@id\":\"https:\/\/musica.santjosep.org\/es\/#website\"},\"primaryImageOfPage\":{\"@id\":\"https:\/\/musica.santjosep.org\/es\/musicos\/musicaires-swing-band\/#primaryimage\"},\"image\":{\"@id\":\"https:\/\/musica.santjosep.org\/es\/musicos\/musicaires-swing-band\/#primaryimage\"},\"thumbnailUrl\":\"https:\/\/musica.santjosep.org\/wp-content\/uploads\/2022\/09\/musicaires1rec.jpg\",\"datePublished\":\"2022-09-07T20:50:21+00:00\",\"dateModified\":\"2022-09-08T07:31:06+00:00\",\"breadcrumb\":{\"@id\":\"https:\/\/musica.santjosep.org\/es\/musicos\/musicaires-swing-band\/#breadcrumb\"},\"inLanguage\":\"es\",\"potentialAction\":[{\"@type\":\"ReadAction\",\"target\":[\"https:\/\/musica.santjosep.org\/es\/musicos\/musicaires-swing-band\/\"]}]},{\"@type\":\"ImageObject\",\"inLanguage\":\"es\",\"@id\":\"https:\/\/musica.santjosep.org\/es\/musicos\/musicaires-swing-band\/#primaryimage\",\"url\":\"https:\/\/musica.santjosep.org\/wp-content\/uploads\/2022\/09\/musicaires1rec.jpg\",\"contentUrl\":\"https:\/\/musica.santjosep.org\/wp-content\/uploads\/2022\/09\/musicaires1rec.jpg\",\"width\":1400,\"height\":933},{\"@type\":\"BreadcrumbList\",\"@id\":\"https:\/\/musica.santjosep.org\/es\/musicos\/musicaires-swing-band\/#breadcrumb\",\"itemListElement\":[{\"@type\":\"ListItem\",\"position\":1,\"name\":\"Portada\",\"item\":\"https:\/\/musica.santjosep.org\/es\/\"},{\"@type\":\"ListItem\",\"position\":2,\"name\":\"M\u00fasicos\",\"item\":\"https:\/\/musica.santjosep.org\/es\/musicos\/\"},{\"@type\":\"ListItem\",\"position\":3,\"name\":\"Musicaires Swing Band\"}]},{\"@type\":\"WebSite\",\"@id\":\"https:\/\/musica.santjosep.org\/es\/#website\",\"url\":\"https:\/\/musica.santjosep.org\/es\/\",\"name\":\"Sant Josep \u00e9s m\u00fasica\",\"description\":\"Informaci\u00f3n actualizada de todos los conciertos, grupos y artistas que act\u00faen tanto en fiestas y festivales, como en establecimientos privados en el municipio de Sant Josep de sa Talaia\",\"publisher\":{\"@id\":\"https:\/\/musica.santjosep.org\/es\/#organization\"},\"potentialAction\":[{\"@type\":\"SearchAction\",\"target\":{\"@type\":\"EntryPoint\",\"urlTemplate\":\"https:\/\/musica.santjosep.org\/es\/?s={search_term_string}\"},\"query-input\":{\"@type\":\"PropertyValueSpecification\",\"valueRequired\":true,\"valueName\":\"search_term_string\"}}],\"inLanguage\":\"es\"},{\"@type\":\"Organization\",\"@id\":\"https:\/\/musica.santjosep.org\/es\/#organization\",\"name\":\"Sant Josep \u00e9s m\u00fasica\",\"url\":\"https:\/\/musica.santjosep.org\/es\/\",\"logo\":{\"@type\":\"ImageObject\",\"inLanguage\":\"es\",\"@id\":\"https:\/\/musica.santjosep.org\/es\/#\/schema\/logo\/image\/\",\"url\":\"https:\/\/musica.santjosep.org\/wp-content\/uploads\/2022\/01\/logo-SJEM.png\",\"contentUrl\":\"https:\/\/musica.santjosep.org\/wp-content\/uploads\/2022\/01\/logo-SJEM.png\",\"width\":213,\"height\":103,\"caption\":\"Sant Josep \u00e9s m\u00fasica\"},\"image\":{\"@id\":\"https:\/\/musica.santjosep.org\/es\/#\/schema\/logo\/image\/\"},\"sameAs\":[\"https:\/\/www.facebook.com\/Sant-Josep-s-Msica-105337042007790\",\"https:\/\/x.com\/MusicaSantJosep\",\"https:\/\/www.instagram.com\/musicasantjosep\/\",\"https:\/\/www.youtube.com\/channel\/UCBSLSUpqfrfsiOMVslmZEJA\"]}]}<\/script>\n<!-- \/ Yoast SEO plugin. -->","yoast_head_json":{"title":"Musicaires Swing Band - Sant Josep \u00e9s m\u00fasica","robots":{"index":"index","follow":"follow","max-snippet":"max-snippet:-1","max-image-preview":"max-image-preview:large","max-video-preview":"max-video-preview:-1"},"canonical":"https:\/\/musica.santjosep.org\/es\/musicos\/musicaires-swing-band\/","og_locale":"es_ES","og_type":"article","og_title":"Musicaires Swing Band - Sant Josep \u00e9s m\u00fasica","og_description":"Quinteto vinculado a la escuela de m\u00fasica Cas Musicaires, con un amplio repertorio de temas de jazz y swing y gran capacidad para la improvisaci\u00f3n","og_url":"https:\/\/musica.santjosep.org\/es\/musicos\/musicaires-swing-band\/","og_site_name":"Sant Josep \u00e9s m\u00fasica","article_publisher":"https:\/\/www.facebook.com\/Sant-Josep-s-Msica-105337042007790","article_modified_time":"2022-09-08T07:31:06+00:00","og_image":[{"width":1400,"height":933,"url":"https:\/\/musica.santjosep.org\/wp-content\/uploads\/2022\/09\/musicaires1rec.jpg","type":"image\/jpeg"}],"twitter_card":"summary_large_image","twitter_site":"@MusicaSantJosep","twitter_misc":{"Tiempo de lectura":"1 minuto"},"schema":{"@context":"https:\/\/schema.org","@graph":[{"@type":"WebPage","@id":"https:\/\/musica.santjosep.org\/es\/musicos\/musicaires-swing-band\/","url":"https:\/\/musica.santjosep.org\/es\/musicos\/musicaires-swing-band\/","name":"Musicaires Swing Band - Sant Josep \u00e9s m\u00fasica","isPartOf":{"@id":"https:\/\/musica.santjosep.org\/es\/#website"},"primaryImageOfPage":{"@id":"https:\/\/musica.santjosep.org\/es\/musicos\/musicaires-swing-band\/#primaryimage"},"image":{"@id":"https:\/\/musica.santjosep.org\/es\/musicos\/musicaires-swing-band\/#primaryimage"},"thumbnailUrl":"https:\/\/musica.santjosep.org\/wp-content\/uploads\/2022\/09\/musicaires1rec.jpg","datePublished":"2022-09-07T20:50:21+00:00","dateModified":"2022-09-08T07:31:06+00:00","breadcrumb":{"@id":"https:\/\/musica.santjosep.org\/es\/musicos\/musicaires-swing-band\/#breadcrumb"},"inLanguage":"es","potentialAction":[{"@type":"ReadAction","target":["https:\/\/musica.santjosep.org\/es\/musicos\/musicaires-swing-band\/"]}]},{"@type":"ImageObject","inLanguage":"es","@id":"https:\/\/musica.santjosep.org\/es\/musicos\/musicaires-swing-band\/#primaryimage","url":"https:\/\/musica.santjosep.org\/wp-content\/uploads\/2022\/09\/musicaires1rec.jpg","contentUrl":"https:\/\/musica.santjosep.org\/wp-content\/uploads\/2022\/09\/musicaires1rec.jpg","width":1400,"height":933},{"@type":"BreadcrumbList","@id":"https:\/\/musica.santjosep.org\/es\/musicos\/musicaires-swing-band\/#breadcrumb","itemListElement":[{"@type":"ListItem","position":1,"name":"Portada","item":"https:\/\/musica.santjosep.org\/es\/"},{"@type":"ListItem","position":2,"name":"M\u00fasicos","item":"https:\/\/musica.santjosep.org\/es\/musicos\/"},{"@type":"ListItem","position":3,"name":"Musicaires Swing Band"}]},{"@type":"WebSite","@id":"https:\/\/musica.santjosep.org\/es\/#website","url":"https:\/\/musica.santjosep.org\/es\/","name":"Sant Josep \u00e9s m\u00fasica","description":"Informaci\u00f3n actualizada de todos los conciertos, grupos y artistas que act\u00faen tanto en fiestas y festivales, como en establecimientos privados en el municipio de Sant Josep de sa Talaia","publisher":{"@id":"https:\/\/musica.santjosep.org\/es\/#organization"},"potentialAction":[{"@type":"SearchAction","target":{"@type":"EntryPoint","urlTemplate":"https:\/\/musica.santjosep.org\/es\/?s={search_term_string}"},"query-input":{"@type":"PropertyValueSpecification","valueRequired":true,"valueName":"search_term_string"}}],"inLanguage":"es"},{"@type":"Organization","@id":"https:\/\/musica.santjosep.org\/es\/#organization","name":"Sant Josep \u00e9s m\u00fasica","url":"https:\/\/musica.santjosep.org\/es\/","logo":{"@type":"ImageObject","inLanguage":"es","@id":"https:\/\/musica.santjosep.org\/es\/#\/schema\/logo\/image\/","url":"https:\/\/musica.santjosep.org\/wp-content\/uploads\/2022\/01\/logo-SJEM.png","contentUrl":"https:\/\/musica.santjosep.org\/wp-content\/uploads\/2022\/01\/logo-SJEM.png","width":213,"height":103,"caption":"Sant Josep \u00e9s m\u00fasica"},"image":{"@id":"https:\/\/musica.santjosep.org\/es\/#\/schema\/logo\/image\/"},"sameAs":["https:\/\/www.facebook.com\/Sant-Josep-s-Msica-105337042007790","https:\/\/x.com\/MusicaSantJosep","https:\/\/www.instagram.com\/musicasantjosep\/","https:\/\/www.youtube.com\/channel\/UCBSLSUpqfrfsiOMVslmZEJA"]}]}},"_links":{"self":[{"href":"https:\/\/musica.santjosep.org\/es\/wp-json\/wp\/v2\/musicos\/13302","targetHints":{"allow":["GET"]}}],"collection":[{"href":"https:\/\/musica.santjosep.org\/es\/wp-json\/wp\/v2\/musicos"}],"about":[{"href":"https:\/\/musica.santjosep.org\/es\/wp-json\/wp\/v2\/types\/musicos"}],"author":[{"embeddable":true,"href":"https:\/\/musica.santjosep.org\/es\/wp-json\/wp\/v2\/users\/2"}],"version-history":[{"count":0,"href":"https:\/\/musica.santjosep.org\/es\/wp-json\/wp\/v2\/musicos\/13302\/revisions"}],"wp:featuredmedia":[{"embeddable":true,"href":"https:\/\/musica.santjosep.org\/es\/wp-json\/wp\/v2\/media\/13303"}],"wp:attachment":[{"href":"https:\/\/musica.santjosep.org\/es\/wp-json\/wp\/v2\/media?parent=13302"}],"wp:term":[{"taxonomy":"category","embeddable":true,"href":"https:\/\/musica.santjosep.org\/es\/wp-json\/wp\/v2\/categories?post=13302"}],"curies":[{"name":"wp","href":"https:\/\/api.w.org\/{rel}","templated":true}]}}