{"id":7068,"date":"2022-05-15T18:25:44","date_gmt":"2022-05-15T16:25:44","guid":{"rendered":"https:\/\/musica.santjosep.org\/?post_type=festivales&#038;p=7068"},"modified":"2024-10-23T14:59:25","modified_gmt":"2024-10-23T12:59:25","slug":"cala-de-bou-express","status":"publish","type":"festivales","link":"https:\/\/musica.santjosep.org\/es\/festivales\/cala-de-bou-express\/","title":{"rendered":"Cala de Bou Express"},"content":{"rendered":"<div class=\"wpb-content-wrapper\"><p>[vc_row][vc_column]<div class=\"edgtf-image-gallery  edgtf-ig-slider-type edgtf-large-space  \">\n\t<div class=\"edgtf-ig-slider edgtf-owl-slider\" data-number-of-items=\"1\" data-enable-loop=\"yes\" data-enable-autoplay=\"yes\" data-slider-speed=\"5000\" data-slider-speed-animation=\"600\" data-slider-padding=\"no\" data-enable-navigation=\"yes\" data-enable-pagination=\"yes\">\n\t\t\t\t\t<div class=\"edgtf-ig-image\">\n\t\t\t\t\t\t\t\t\t<div class=\"edgtf-image-with-caption\"><img loading=\"lazy\" decoding=\"async\" width=\"1400\" height=\"934\" src=\"https:\/\/musica.santjosep.org\/wp-content\/uploads\/2022\/05\/Rock-Express-27.jpg\" class=\"attachment-full size-full\" alt=\"\" srcset=\"https:\/\/musica.santjosep.org\/wp-content\/uploads\/2022\/05\/Rock-Express-27.jpg 1400w, https:\/\/musica.santjosep.org\/wp-content\/uploads\/2022\/05\/Rock-Express-27-300x200.jpg 300w, https:\/\/musica.santjosep.org\/wp-content\/uploads\/2022\/05\/Rock-Express-27-1024x683.jpg 1024w, https:\/\/musica.santjosep.org\/wp-content\/uploads\/2022\/05\/Rock-Express-27-768x512.jpg 768w\" sizes=\"auto, (max-width: 1400px) 100vw, 1400px\" \/><div class=\"edgtf-custom-caption\">Joan F. Ribas<\/div><\/div>\t\t\t\t\t\t\t<\/div>\n\t\t\t\t\t<div class=\"edgtf-ig-image\">\n\t\t\t\t\t\t\t\t\t<div class=\"edgtf-image-with-caption\"><img loading=\"lazy\" decoding=\"async\" width=\"1400\" height=\"934\" src=\"https:\/\/musica.santjosep.org\/wp-content\/uploads\/2022\/05\/Rock-Express-39.jpg\" class=\"attachment-full size-full\" alt=\"\" srcset=\"https:\/\/musica.santjosep.org\/wp-content\/uploads\/2022\/05\/Rock-Express-39.jpg 1400w, https:\/\/musica.santjosep.org\/wp-content\/uploads\/2022\/05\/Rock-Express-39-300x200.jpg 300w, https:\/\/musica.santjosep.org\/wp-content\/uploads\/2022\/05\/Rock-Express-39-1024x683.jpg 1024w, https:\/\/musica.santjosep.org\/wp-content\/uploads\/2022\/05\/Rock-Express-39-768x512.jpg 768w\" sizes=\"auto, (max-width: 1400px) 100vw, 1400px\" \/><div class=\"edgtf-custom-caption\">Joan F. Ribas<\/div><\/div>\t\t\t\t\t\t\t<\/div>\n\t\t\t\t\t<div class=\"edgtf-ig-image\">\n\t\t\t\t\t\t\t\t\t<div class=\"edgtf-image-with-caption\"><img loading=\"lazy\" decoding=\"async\" width=\"1400\" height=\"934\" src=\"https:\/\/musica.santjosep.org\/wp-content\/uploads\/2022\/05\/Rock-Express-38.jpg\" class=\"attachment-full size-full\" alt=\"\" srcset=\"https:\/\/musica.santjosep.org\/wp-content\/uploads\/2022\/05\/Rock-Express-38.jpg 1400w, https:\/\/musica.santjosep.org\/wp-content\/uploads\/2022\/05\/Rock-Express-38-300x200.jpg 300w, https:\/\/musica.santjosep.org\/wp-content\/uploads\/2022\/05\/Rock-Express-38-1024x683.jpg 1024w, https:\/\/musica.santjosep.org\/wp-content\/uploads\/2022\/05\/Rock-Express-38-768x512.jpg 768w\" sizes=\"auto, (max-width: 1400px) 100vw, 1400px\" \/><div class=\"edgtf-custom-caption\">Joan F. Ribas<\/div><\/div>\t\t\t\t\t\t\t<\/div>\n\t\t\t\t\t<div class=\"edgtf-ig-image\">\n\t\t\t\t\t\t\t\t\t<div class=\"edgtf-image-with-caption\"><img loading=\"lazy\" decoding=\"async\" width=\"1400\" height=\"934\" src=\"https:\/\/musica.santjosep.org\/wp-content\/uploads\/2022\/05\/Rock-Express-10.jpg\" class=\"attachment-full size-full\" alt=\"\" srcset=\"https:\/\/musica.santjosep.org\/wp-content\/uploads\/2022\/05\/Rock-Express-10.jpg 1400w, https:\/\/musica.santjosep.org\/wp-content\/uploads\/2022\/05\/Rock-Express-10-300x200.jpg 300w, https:\/\/musica.santjosep.org\/wp-content\/uploads\/2022\/05\/Rock-Express-10-1024x683.jpg 1024w, https:\/\/musica.santjosep.org\/wp-content\/uploads\/2022\/05\/Rock-Express-10-768x512.jpg 768w\" sizes=\"auto, (max-width: 1400px) 100vw, 1400px\" \/><div class=\"edgtf-custom-caption\">Joan F. Ribas<\/div><\/div>\t\t\t\t\t\t\t<\/div>\n\t\t\t\t\t<div class=\"edgtf-ig-image\">\n\t\t\t\t\t\t\t\t\t<div class=\"edgtf-image-with-caption\"><img loading=\"lazy\" decoding=\"async\" width=\"1400\" height=\"934\" src=\"https:\/\/musica.santjosep.org\/wp-content\/uploads\/2022\/05\/Rock-Express-17.jpg\" class=\"attachment-full size-full\" alt=\"\" srcset=\"https:\/\/musica.santjosep.org\/wp-content\/uploads\/2022\/05\/Rock-Express-17.jpg 1400w, https:\/\/musica.santjosep.org\/wp-content\/uploads\/2022\/05\/Rock-Express-17-300x200.jpg 300w, https:\/\/musica.santjosep.org\/wp-content\/uploads\/2022\/05\/Rock-Express-17-1024x683.jpg 1024w, https:\/\/musica.santjosep.org\/wp-content\/uploads\/2022\/05\/Rock-Express-17-768x512.jpg 768w\" sizes=\"auto, (max-width: 1400px) 100vw, 1400px\" \/><div class=\"edgtf-custom-caption\">Joan F. Ribas<\/div><\/div>\t\t\t\t\t\t\t<\/div>\n\t\t\t\t\t<div class=\"edgtf-ig-image\">\n\t\t\t\t\t\t\t\t\t<div class=\"edgtf-image-with-caption\"><img loading=\"lazy\" decoding=\"async\" width=\"1400\" height=\"934\" src=\"https:\/\/musica.santjosep.org\/wp-content\/uploads\/2022\/05\/Rock-Express-44.jpg\" class=\"attachment-full size-full\" alt=\"\" srcset=\"https:\/\/musica.santjosep.org\/wp-content\/uploads\/2022\/05\/Rock-Express-44.jpg 1400w, https:\/\/musica.santjosep.org\/wp-content\/uploads\/2022\/05\/Rock-Express-44-300x200.jpg 300w, https:\/\/musica.santjosep.org\/wp-content\/uploads\/2022\/05\/Rock-Express-44-1024x683.jpg 1024w, https:\/\/musica.santjosep.org\/wp-content\/uploads\/2022\/05\/Rock-Express-44-768x512.jpg 768w\" sizes=\"auto, (max-width: 1400px) 100vw, 1400px\" \/><div class=\"edgtf-custom-caption\">Joan F. Ribas<\/div><\/div>\t\t\t\t\t\t\t<\/div>\n\t\t\t\t\t<div class=\"edgtf-ig-image\">\n\t\t\t\t\t\t\t\t\t<div class=\"edgtf-image-with-caption\"><img loading=\"lazy\" decoding=\"async\" width=\"1400\" height=\"934\" src=\"https:\/\/musica.santjosep.org\/wp-content\/uploads\/2022\/05\/Rock-Express-18.jpg\" class=\"attachment-full size-full\" alt=\"\" srcset=\"https:\/\/musica.santjosep.org\/wp-content\/uploads\/2022\/05\/Rock-Express-18.jpg 1400w, https:\/\/musica.santjosep.org\/wp-content\/uploads\/2022\/05\/Rock-Express-18-300x200.jpg 300w, https:\/\/musica.santjosep.org\/wp-content\/uploads\/2022\/05\/Rock-Express-18-1024x683.jpg 1024w, https:\/\/musica.santjosep.org\/wp-content\/uploads\/2022\/05\/Rock-Express-18-768x512.jpg 768w\" sizes=\"auto, (max-width: 1400px) 100vw, 1400px\" \/><div class=\"edgtf-custom-caption\">Joan F. Ribas<\/div><\/div>\t\t\t\t\t\t\t<\/div>\n\t\t\t\t\t<div class=\"edgtf-ig-image\">\n\t\t\t\t\t\t\t\t\t<div class=\"edgtf-image-with-caption\"><img loading=\"lazy\" decoding=\"async\" width=\"1400\" height=\"934\" src=\"https:\/\/musica.santjosep.org\/wp-content\/uploads\/2022\/05\/Rock-Express-20.jpg\" class=\"attachment-full size-full\" alt=\"\" srcset=\"https:\/\/musica.santjosep.org\/wp-content\/uploads\/2022\/05\/Rock-Express-20.jpg 1400w, https:\/\/musica.santjosep.org\/wp-content\/uploads\/2022\/05\/Rock-Express-20-300x200.jpg 300w, https:\/\/musica.santjosep.org\/wp-content\/uploads\/2022\/05\/Rock-Express-20-1024x683.jpg 1024w, https:\/\/musica.santjosep.org\/wp-content\/uploads\/2022\/05\/Rock-Express-20-768x512.jpg 768w\" sizes=\"auto, (max-width: 1400px) 100vw, 1400px\" \/><div class=\"edgtf-custom-caption\">Joan F. Ribas<\/div><\/div>\t\t\t\t\t\t\t<\/div>\n\t\t\t\t\t<div class=\"edgtf-ig-image\">\n\t\t\t\t\t\t\t\t\t<div class=\"edgtf-image-with-caption\"><img loading=\"lazy\" decoding=\"async\" width=\"1400\" height=\"934\" src=\"https:\/\/musica.santjosep.org\/wp-content\/uploads\/2022\/05\/Rock-Express-45.jpg\" class=\"attachment-full size-full\" alt=\"\" srcset=\"https:\/\/musica.santjosep.org\/wp-content\/uploads\/2022\/05\/Rock-Express-45.jpg 1400w, https:\/\/musica.santjosep.org\/wp-content\/uploads\/2022\/05\/Rock-Express-45-300x200.jpg 300w, https:\/\/musica.santjosep.org\/wp-content\/uploads\/2022\/05\/Rock-Express-45-1024x683.jpg 1024w, https:\/\/musica.santjosep.org\/wp-content\/uploads\/2022\/05\/Rock-Express-45-768x512.jpg 768w\" sizes=\"auto, (max-width: 1400px) 100vw, 1400px\" \/><div class=\"edgtf-custom-caption\">Joan F. Ribas<\/div><\/div>\t\t\t\t\t\t\t<\/div>\n\t\t\t\t\t<div class=\"edgtf-ig-image\">\n\t\t\t\t\t\t\t\t\t<div class=\"edgtf-image-with-caption\"><img loading=\"lazy\" decoding=\"async\" width=\"1400\" height=\"934\" src=\"https:\/\/musica.santjosep.org\/wp-content\/uploads\/2022\/05\/Rock-Express-29.jpg\" class=\"attachment-full size-full\" alt=\"\" srcset=\"https:\/\/musica.santjosep.org\/wp-content\/uploads\/2022\/05\/Rock-Express-29.jpg 1400w, https:\/\/musica.santjosep.org\/wp-content\/uploads\/2022\/05\/Rock-Express-29-300x200.jpg 300w, https:\/\/musica.santjosep.org\/wp-content\/uploads\/2022\/05\/Rock-Express-29-1024x683.jpg 1024w, https:\/\/musica.santjosep.org\/wp-content\/uploads\/2022\/05\/Rock-Express-29-768x512.jpg 768w\" sizes=\"auto, (max-width: 1400px) 100vw, 1400px\" \/><div class=\"edgtf-custom-caption\">Joan F. Ribas<\/div><\/div>\t\t\t\t\t\t\t<\/div>\n\t\t\t\t\t<div class=\"edgtf-ig-image\">\n\t\t\t\t\t\t\t\t\t<div class=\"edgtf-image-with-caption\"><img loading=\"lazy\" decoding=\"async\" width=\"1400\" height=\"934\" src=\"https:\/\/musica.santjosep.org\/wp-content\/uploads\/2022\/05\/Rock-Express-63.jpg\" class=\"attachment-full size-full\" alt=\"\" srcset=\"https:\/\/musica.santjosep.org\/wp-content\/uploads\/2022\/05\/Rock-Express-63.jpg 1400w, https:\/\/musica.santjosep.org\/wp-content\/uploads\/2022\/05\/Rock-Express-63-300x200.jpg 300w, https:\/\/musica.santjosep.org\/wp-content\/uploads\/2022\/05\/Rock-Express-63-1024x683.jpg 1024w, https:\/\/musica.santjosep.org\/wp-content\/uploads\/2022\/05\/Rock-Express-63-768x512.jpg 768w\" sizes=\"auto, (max-width: 1400px) 100vw, 1400px\" \/><div class=\"edgtf-custom-caption\">Joan F. Ribas<\/div><\/div>\t\t\t\t\t\t\t<\/div>\n\t\t\t\t\t<div class=\"edgtf-ig-image\">\n\t\t\t\t\t\t\t\t\t<div class=\"edgtf-image-with-caption\"><img loading=\"lazy\" decoding=\"async\" width=\"1400\" height=\"934\" src=\"https:\/\/musica.santjosep.org\/wp-content\/uploads\/2022\/05\/Rock-Express-67.jpg\" class=\"attachment-full size-full\" alt=\"\" srcset=\"https:\/\/musica.santjosep.org\/wp-content\/uploads\/2022\/05\/Rock-Express-67.jpg 1400w, https:\/\/musica.santjosep.org\/wp-content\/uploads\/2022\/05\/Rock-Express-67-300x200.jpg 300w, https:\/\/musica.santjosep.org\/wp-content\/uploads\/2022\/05\/Rock-Express-67-1024x683.jpg 1024w, https:\/\/musica.santjosep.org\/wp-content\/uploads\/2022\/05\/Rock-Express-67-768x512.jpg 768w\" sizes=\"auto, (max-width: 1400px) 100vw, 1400px\" \/><div class=\"edgtf-custom-caption\">Joan F. Ribas<\/div><\/div>\t\t\t\t\t\t\t<\/div>\n\t\t\t\t\t<div class=\"edgtf-ig-image\">\n\t\t\t\t\t\t\t\t\t<div class=\"edgtf-image-with-caption\"><img loading=\"lazy\" decoding=\"async\" width=\"1400\" height=\"934\" src=\"https:\/\/musica.santjosep.org\/wp-content\/uploads\/2022\/05\/Rock-Express-60.jpg\" class=\"attachment-full size-full\" alt=\"\" srcset=\"https:\/\/musica.santjosep.org\/wp-content\/uploads\/2022\/05\/Rock-Express-60.jpg 1400w, https:\/\/musica.santjosep.org\/wp-content\/uploads\/2022\/05\/Rock-Express-60-300x200.jpg 300w, https:\/\/musica.santjosep.org\/wp-content\/uploads\/2022\/05\/Rock-Express-60-1024x683.jpg 1024w, https:\/\/musica.santjosep.org\/wp-content\/uploads\/2022\/05\/Rock-Express-60-768x512.jpg 768w\" sizes=\"auto, (max-width: 1400px) 100vw, 1400px\" \/><div class=\"edgtf-custom-caption\">Joan F. Ribas<\/div><\/div>\t\t\t\t\t\t\t<\/div>\n\t\t\t\t\t<div class=\"edgtf-ig-image\">\n\t\t\t\t\t\t\t\t\t<div class=\"edgtf-image-with-caption\"><img loading=\"lazy\" decoding=\"async\" width=\"1400\" height=\"934\" src=\"https:\/\/musica.santjosep.org\/wp-content\/uploads\/2022\/05\/Rock-Express-59.jpg\" class=\"attachment-full size-full\" alt=\"\" srcset=\"https:\/\/musica.santjosep.org\/wp-content\/uploads\/2022\/05\/Rock-Express-59.jpg 1400w, https:\/\/musica.santjosep.org\/wp-content\/uploads\/2022\/05\/Rock-Express-59-300x200.jpg 300w, https:\/\/musica.santjosep.org\/wp-content\/uploads\/2022\/05\/Rock-Express-59-1024x683.jpg 1024w, https:\/\/musica.santjosep.org\/wp-content\/uploads\/2022\/05\/Rock-Express-59-768x512.jpg 768w\" sizes=\"auto, (max-width: 1400px) 100vw, 1400px\" \/><div class=\"edgtf-custom-caption\">Joan F. Ribas<\/div><\/div>\t\t\t\t\t\t\t<\/div>\n\t\t\t\t\t<div class=\"edgtf-ig-image\">\n\t\t\t\t\t\t\t\t\t<div class=\"edgtf-image-with-caption\"><img loading=\"lazy\" decoding=\"async\" width=\"1400\" height=\"934\" src=\"https:\/\/musica.santjosep.org\/wp-content\/uploads\/2022\/05\/Rock-Express-51.jpg\" class=\"attachment-full size-full\" alt=\"\" srcset=\"https:\/\/musica.santjosep.org\/wp-content\/uploads\/2022\/05\/Rock-Express-51.jpg 1400w, https:\/\/musica.santjosep.org\/wp-content\/uploads\/2022\/05\/Rock-Express-51-300x200.jpg 300w, https:\/\/musica.santjosep.org\/wp-content\/uploads\/2022\/05\/Rock-Express-51-1024x683.jpg 1024w, https:\/\/musica.santjosep.org\/wp-content\/uploads\/2022\/05\/Rock-Express-51-768x512.jpg 768w\" sizes=\"auto, (max-width: 1400px) 100vw, 1400px\" \/><div class=\"edgtf-custom-caption\">Joan F. Ribas<\/div><\/div>\t\t\t\t\t\t\t<\/div>\n\t\t\t\t\t<div class=\"edgtf-ig-image\">\n\t\t\t\t\t\t\t\t\t<div class=\"edgtf-image-with-caption\"><img loading=\"lazy\" decoding=\"async\" width=\"1400\" height=\"934\" src=\"https:\/\/musica.santjosep.org\/wp-content\/uploads\/2022\/05\/Rock-Express-52.jpg\" class=\"attachment-full size-full\" alt=\"\" srcset=\"https:\/\/musica.santjosep.org\/wp-content\/uploads\/2022\/05\/Rock-Express-52.jpg 1400w, https:\/\/musica.santjosep.org\/wp-content\/uploads\/2022\/05\/Rock-Express-52-300x200.jpg 300w, https:\/\/musica.santjosep.org\/wp-content\/uploads\/2022\/05\/Rock-Express-52-1024x683.jpg 1024w, https:\/\/musica.santjosep.org\/wp-content\/uploads\/2022\/05\/Rock-Express-52-768x512.jpg 768w\" sizes=\"auto, (max-width: 1400px) 100vw, 1400px\" \/><div class=\"edgtf-custom-caption\">Joan F. Ribas<\/div><\/div>\t\t\t\t\t\t\t<\/div>\n\t\t\t\t\t<div class=\"edgtf-ig-image\">\n\t\t\t\t\t\t\t\t\t<div class=\"edgtf-image-with-caption\"><img loading=\"lazy\" decoding=\"async\" width=\"1400\" height=\"934\" src=\"https:\/\/musica.santjosep.org\/wp-content\/uploads\/2022\/05\/Rock-Express-55.jpg\" class=\"attachment-full size-full\" alt=\"\" srcset=\"https:\/\/musica.santjosep.org\/wp-content\/uploads\/2022\/05\/Rock-Express-55.jpg 1400w, https:\/\/musica.santjosep.org\/wp-content\/uploads\/2022\/05\/Rock-Express-55-300x200.jpg 300w, https:\/\/musica.santjosep.org\/wp-content\/uploads\/2022\/05\/Rock-Express-55-1024x683.jpg 1024w, https:\/\/musica.santjosep.org\/wp-content\/uploads\/2022\/05\/Rock-Express-55-768x512.jpg 768w\" sizes=\"auto, (max-width: 1400px) 100vw, 1400px\" \/><div class=\"edgtf-custom-caption\">Joan F. Ribas<\/div><\/div>\t\t\t\t\t\t\t<\/div>\n\t\t\t\t\t<div class=\"edgtf-ig-image\">\n\t\t\t\t\t\t\t\t\t<div class=\"edgtf-image-with-caption\"><img loading=\"lazy\" decoding=\"async\" width=\"1400\" height=\"934\" src=\"https:\/\/musica.santjosep.org\/wp-content\/uploads\/2022\/05\/Rock-Express-40.jpg\" class=\"attachment-full size-full\" alt=\"\" srcset=\"https:\/\/musica.santjosep.org\/wp-content\/uploads\/2022\/05\/Rock-Express-40.jpg 1400w, https:\/\/musica.santjosep.org\/wp-content\/uploads\/2022\/05\/Rock-Express-40-300x200.jpg 300w, https:\/\/musica.santjosep.org\/wp-content\/uploads\/2022\/05\/Rock-Express-40-1024x683.jpg 1024w, https:\/\/musica.santjosep.org\/wp-content\/uploads\/2022\/05\/Rock-Express-40-768x512.jpg 768w\" sizes=\"auto, (max-width: 1400px) 100vw, 1400px\" \/><div class=\"edgtf-custom-caption\">Joan F. Ribas<\/div><\/div>\t\t\t\t\t\t\t<\/div>\n\t\t\t\t\t<div class=\"edgtf-ig-image\">\n\t\t\t\t\t\t\t\t\t<div class=\"edgtf-image-with-caption\"><img loading=\"lazy\" decoding=\"async\" width=\"1400\" height=\"934\" src=\"https:\/\/musica.santjosep.org\/wp-content\/uploads\/2022\/05\/Rock-Express-69.jpg\" class=\"attachment-full size-full\" alt=\"\" srcset=\"https:\/\/musica.santjosep.org\/wp-content\/uploads\/2022\/05\/Rock-Express-69.jpg 1400w, https:\/\/musica.santjosep.org\/wp-content\/uploads\/2022\/05\/Rock-Express-69-300x200.jpg 300w, https:\/\/musica.santjosep.org\/wp-content\/uploads\/2022\/05\/Rock-Express-69-1024x683.jpg 1024w, https:\/\/musica.santjosep.org\/wp-content\/uploads\/2022\/05\/Rock-Express-69-768x512.jpg 768w\" sizes=\"auto, (max-width: 1400px) 100vw, 1400px\" \/><div class=\"edgtf-custom-caption\">Joan F. Ribas<\/div><\/div>\t\t\t\t\t\t\t<\/div>\n\t\t\t\t\t<div class=\"edgtf-ig-image\">\n\t\t\t\t\t\t\t\t\t<img loading=\"lazy\" decoding=\"async\" width=\"1400\" height=\"933\" src=\"https:\/\/musica.santjosep.org\/wp-content\/uploads\/2022\/05\/BR_0693rec.jpg\" class=\"attachment-full size-full\" alt=\"\" srcset=\"https:\/\/musica.santjosep.org\/wp-content\/uploads\/2022\/05\/BR_0693rec.jpg 1400w, https:\/\/musica.santjosep.org\/wp-content\/uploads\/2022\/05\/BR_0693rec-300x200.jpg 300w, https:\/\/musica.santjosep.org\/wp-content\/uploads\/2022\/05\/BR_0693rec-1024x682.jpg 1024w, https:\/\/musica.santjosep.org\/wp-content\/uploads\/2022\/05\/BR_0693rec-768x512.jpg 768w\" sizes=\"auto, (max-width: 1400px) 100vw, 1400px\" \/>\t\t\t\t\t\t\t<\/div>\n\t\t\t\t\t<div class=\"edgtf-ig-image\">\n\t\t\t\t\t\t\t\t\t<img loading=\"lazy\" decoding=\"async\" width=\"1400\" height=\"933\" src=\"https:\/\/musica.santjosep.org\/wp-content\/uploads\/2022\/05\/RockExpress-136rec.jpg\" class=\"attachment-full size-full\" alt=\"\" srcset=\"https:\/\/musica.santjosep.org\/wp-content\/uploads\/2022\/05\/RockExpress-136rec.jpg 1400w, https:\/\/musica.santjosep.org\/wp-content\/uploads\/2022\/05\/RockExpress-136rec-300x200.jpg 300w, https:\/\/musica.santjosep.org\/wp-content\/uploads\/2022\/05\/RockExpress-136rec-1024x682.jpg 1024w, https:\/\/musica.santjosep.org\/wp-content\/uploads\/2022\/05\/RockExpress-136rec-768x512.jpg 768w\" sizes=\"auto, (max-width: 1400px) 100vw, 1400px\" \/>\t\t\t\t\t\t\t<\/div>\n\t\t\t\t\t<div class=\"edgtf-ig-image\">\n\t\t\t\t\t\t\t\t\t<img loading=\"lazy\" decoding=\"async\" width=\"1400\" height=\"933\" src=\"https:\/\/musica.santjosep.org\/wp-content\/uploads\/2022\/05\/RockExpress-81rec.jpg\" class=\"attachment-full size-full\" alt=\"\" srcset=\"https:\/\/musica.santjosep.org\/wp-content\/uploads\/2022\/05\/RockExpress-81rec.jpg 1400w, https:\/\/musica.santjosep.org\/wp-content\/uploads\/2022\/05\/RockExpress-81rec-300x200.jpg 300w, https:\/\/musica.santjosep.org\/wp-content\/uploads\/2022\/05\/RockExpress-81rec-1024x682.jpg 1024w, https:\/\/musica.santjosep.org\/wp-content\/uploads\/2022\/05\/RockExpress-81rec-768x512.jpg 768w\" sizes=\"auto, (max-width: 1400px) 100vw, 1400px\" \/>\t\t\t\t\t\t\t<\/div>\n\t\t\t\t\t<div class=\"edgtf-ig-image\">\n\t\t\t\t\t\t\t\t\t<img loading=\"lazy\" decoding=\"async\" width=\"1400\" height=\"933\" src=\"https:\/\/musica.santjosep.org\/wp-content\/uploads\/2022\/05\/ilustracion-rock-express-2021rec-1.jpg\" class=\"attachment-full size-full\" alt=\"\" srcset=\"https:\/\/musica.santjosep.org\/wp-content\/uploads\/2022\/05\/ilustracion-rock-express-2021rec-1.jpg 1400w, https:\/\/musica.santjosep.org\/wp-content\/uploads\/2022\/05\/ilustracion-rock-express-2021rec-1-300x200.jpg 300w, https:\/\/musica.santjosep.org\/wp-content\/uploads\/2022\/05\/ilustracion-rock-express-2021rec-1-1024x682.jpg 1024w, https:\/\/musica.santjosep.org\/wp-content\/uploads\/2022\/05\/ilustracion-rock-express-2021rec-1-768x512.jpg 768w\" sizes=\"auto, (max-width: 1400px) 100vw, 1400px\" \/>\t\t\t\t\t\t\t<\/div>\n\t\t\t\t\t<div class=\"edgtf-ig-image\">\n\t\t\t\t\t\t\t\t\t<img loading=\"lazy\" decoding=\"async\" width=\"1400\" height=\"933\" src=\"https:\/\/musica.santjosep.org\/wp-content\/uploads\/2022\/05\/BR_0506rec.jpg\" class=\"attachment-full size-full\" alt=\"\" srcset=\"https:\/\/musica.santjosep.org\/wp-content\/uploads\/2022\/05\/BR_0506rec.jpg 1400w, https:\/\/musica.santjosep.org\/wp-content\/uploads\/2022\/05\/BR_0506rec-300x200.jpg 300w, https:\/\/musica.santjosep.org\/wp-content\/uploads\/2022\/05\/BR_0506rec-1024x682.jpg 1024w, https:\/\/musica.santjosep.org\/wp-content\/uploads\/2022\/05\/BR_0506rec-768x512.jpg 768w\" sizes=\"auto, (max-width: 1400px) 100vw, 1400px\" \/>\t\t\t\t\t\t\t<\/div>\n\t\t\t\t\t<div class=\"edgtf-ig-image\">\n\t\t\t\t\t\t\t\t\t<div class=\"edgtf-image-with-caption\"><img loading=\"lazy\" decoding=\"async\" width=\"1400\" height=\"933\" src=\"https:\/\/musica.santjosep.org\/wp-content\/uploads\/2022\/05\/Johnnys-Bar-3rec.jpg\" class=\"attachment-full size-full\" alt=\"\" srcset=\"https:\/\/musica.santjosep.org\/wp-content\/uploads\/2022\/05\/Johnnys-Bar-3rec.jpg 1400w, https:\/\/musica.santjosep.org\/wp-content\/uploads\/2022\/05\/Johnnys-Bar-3rec-300x200.jpg 300w, https:\/\/musica.santjosep.org\/wp-content\/uploads\/2022\/05\/Johnnys-Bar-3rec-1024x682.jpg 1024w, https:\/\/musica.santjosep.org\/wp-content\/uploads\/2022\/05\/Johnnys-Bar-3rec-768x512.jpg 768w\" sizes=\"auto, (max-width: 1400px) 100vw, 1400px\" \/><div class=\"edgtf-custom-caption\">Joan F. Ribas<\/div><\/div>\t\t\t\t\t\t\t<\/div>\n\t\t\t\t\t<div class=\"edgtf-ig-image\">\n\t\t\t\t\t\t\t\t\t<div class=\"edgtf-image-with-caption\"><img loading=\"lazy\" decoding=\"async\" width=\"1400\" height=\"933\" src=\"https:\/\/musica.santjosep.org\/wp-content\/uploads\/2022\/05\/Johnnys-Bar-8rec.jpg\" class=\"attachment-full size-full\" alt=\"\" srcset=\"https:\/\/musica.santjosep.org\/wp-content\/uploads\/2022\/05\/Johnnys-Bar-8rec.jpg 1400w, https:\/\/musica.santjosep.org\/wp-content\/uploads\/2022\/05\/Johnnys-Bar-8rec-300x200.jpg 300w, https:\/\/musica.santjosep.org\/wp-content\/uploads\/2022\/05\/Johnnys-Bar-8rec-1024x682.jpg 1024w, https:\/\/musica.santjosep.org\/wp-content\/uploads\/2022\/05\/Johnnys-Bar-8rec-768x512.jpg 768w\" sizes=\"auto, (max-width: 1400px) 100vw, 1400px\" \/><div class=\"edgtf-custom-caption\">Joan F. Ribas<\/div><\/div>\t\t\t\t\t\t\t<\/div>\n\t\t\t\t\t<div class=\"edgtf-ig-image\">\n\t\t\t\t\t\t\t\t\t<div class=\"edgtf-image-with-caption\"><img loading=\"lazy\" decoding=\"async\" width=\"1400\" height=\"933\" src=\"https:\/\/musica.santjosep.org\/wp-content\/uploads\/2022\/05\/Johnnys-Bar-4rec.jpg\" class=\"attachment-full size-full\" alt=\"\" srcset=\"https:\/\/musica.santjosep.org\/wp-content\/uploads\/2022\/05\/Johnnys-Bar-4rec.jpg 1400w, https:\/\/musica.santjosep.org\/wp-content\/uploads\/2022\/05\/Johnnys-Bar-4rec-300x200.jpg 300w, https:\/\/musica.santjosep.org\/wp-content\/uploads\/2022\/05\/Johnnys-Bar-4rec-1024x682.jpg 1024w, https:\/\/musica.santjosep.org\/wp-content\/uploads\/2022\/05\/Johnnys-Bar-4rec-768x512.jpg 768w\" sizes=\"auto, (max-width: 1400px) 100vw, 1400px\" \/><div class=\"edgtf-custom-caption\">Joan F. Ribas<\/div><\/div>\t\t\t\t\t\t\t<\/div>\n\t\t\t\t\t<div class=\"edgtf-ig-image\">\n\t\t\t\t\t\t\t\t\t<div class=\"edgtf-image-with-caption\"><img loading=\"lazy\" decoding=\"async\" width=\"1400\" height=\"933\" src=\"https:\/\/musica.santjosep.org\/wp-content\/uploads\/2022\/05\/Johnnys-Barrec.jpg\" class=\"attachment-full size-full\" alt=\"\" srcset=\"https:\/\/musica.santjosep.org\/wp-content\/uploads\/2022\/05\/Johnnys-Barrec.jpg 1400w, https:\/\/musica.santjosep.org\/wp-content\/uploads\/2022\/05\/Johnnys-Barrec-300x200.jpg 300w, https:\/\/musica.santjosep.org\/wp-content\/uploads\/2022\/05\/Johnnys-Barrec-1024x682.jpg 1024w, https:\/\/musica.santjosep.org\/wp-content\/uploads\/2022\/05\/Johnnys-Barrec-768x512.jpg 768w\" sizes=\"auto, (max-width: 1400px) 100vw, 1400px\" \/><div class=\"edgtf-custom-caption\">Joan F. Ribas<\/div><\/div>\t\t\t\t\t\t\t<\/div>\n\t\t\t<\/div>\n<\/div>[\/vc_column][\/vc_row][vc_row el_id=\u00bbb2musico\u00bb el_class=\u00bbbfesti\u00bb][vc_column width=\u00bb1\/3&#8243; el_class=\u00bbleftinfestival\u00bb][vc_column_text]<div class=\"titsmall\">Fecha<\/div><div class=\"campoficha\">Se celebra un s\u00e1bado a mediados de octubre, durante todo el d\u00eda.<\/div><div class=\"titsmall\">Lugar<\/div><div class=\"campoficha\">Cala de Bou-Port des Torrent<\/div><a href=\"https:\/\/www.google.com\/maps\/search\/?api=1&query=38.96980355311966,1.2895615190003988\" target=\"_blank\" class=\"campoficha w100\">C\u00f3mo llegar<\/a><div class=\"titsmall\">Redes<\/div><a href=\"https:\/\/www.facebook.com\/Makesoundibiza\/\" target=\"_blank\" class=\"campoficha\" ><span class=\"fab fa-facebook\"><\/span><\/a><a href=\"https:\/\/www.instagram.com\/garufasound\/\" target=\"_blank\" class=\"campoficha\"><span class=\"fab fa-instagram\"><\/span><\/a>[\/vc_column_text][vc_column_text el_class=\u00bbtitsmall\u00bb]Carteles[\/vc_column_text][vc_single_image image=\u00bb7052&#8243; img_size=\u00bb150&#215;225&#8243; onclick=\u00bblink_image\u00bb title=\u00bb2019&#8243;][vc_single_image image=\u00bb7054&#8243; img_size=\u00bb150&#215;225&#8243; onclick=\u00bblink_image\u00bb title=\u00bb2021&#8243;][vc_single_image image=\u00bb27261&#8243; img_size=\u00bb150&#215;225&#8243; onclick=\u00bblink_image\u00bb title=\u00bb2022&#8243;][vc_single_image image=\u00bb41354&#8243; img_size=\u00bb150&#215;225&#8243; onclick=\u00bblink_image\u00bb title=\u00bb2023&#8243;][vc_single_image image=\u00bb41340&#8243; img_size=\u00bb150&#215;225&#8243; onclick=\u00bblink_image\u00bb title=\u00bb2024&#8243;][\/vc_column][vc_column width=\u00bb2\/3&#8243;][vc_column_text el_class=\u00bbtexto_musico\u00bb]Cala de Bou Express es un festival en formato \u201ccorrebars\u201d que ya se ha consolidado como el evento estrella de las fiestas de este barrio y Port des Torrent. El tren del rock, protagonista de la jornada junto a m\u00faltiples bandas de la isla, realiza un recorrido por ambas zonas deteni\u00e9ndose en los bares participantes, que ofrecen conciertos durante todo el d\u00eda, adem\u00e1s de servir pinchos y bebidas a precios populares.<\/p>\n<p>Su \u00e9xito de asistencia, con m\u00e1s de 2.000 participantes en 2019 y m\u00e1s de 4.000 en las ediciones posteriores, hacen de Cala de Bou Express la gran fiesta de fin de temporada en la bah\u00eda de Portmany. El festival aspira a seguir creciendo y aumentando la oferta cultural en sus pr\u00f3ximas ediciones. Actualmente lo produce Garufa Sound, aunque las dos primeras ediciones las realiz\u00f3 Make Sound.[\/vc_column_text][vc_row_inner][vc_column_inner][vc_column_text el_class=\u00bbtitsmall\u00bb]Videos[\/vc_column_text][vc_video link=\u00bbhttps:\/\/youtu.be\/mLIqR8wdH00&#8243; title=\u00bbTonto (Johnny\u2019s Bar \u2013 Rock Express 2019)\u00bb][\/vc_column_inner][\/vc_row_inner][vc_column_text el_class=\u00bblinkvertodos\u00bb]<a href=\"https:\/\/musica.santjosep.org\/es\/festivales-santjosep\/\">Ver todos los festivales de Sant Josep<\/a>[\/vc_column_text][\/vc_column][\/vc_row]<\/p>\n<\/div>","protected":false},"excerpt":{"rendered":"<p>Festival de rock con motivo de las fiestas patronales de Cala de Bou y Port des Torrent, con conciertos en diversos bares enlazados por un tren tur\u00edstico<\/p>\n","protected":false},"author":2,"featured_media":15933,"template":"","meta":{"_acf_changed":false,"footnotes":""},"categories":[],"class_list":["post-7068","festivales","type-festivales","status-publish","has-post-thumbnail","hentry"],"acf":[],"yoast_head":"<!-- This site is optimized with the Yoast SEO plugin v26.6 - https:\/\/yoast.com\/wordpress\/plugins\/seo\/ -->\n<title>Cala de Bou Express - Sant Josep \u00e9s m\u00fasica<\/title>\n<meta name=\"robots\" content=\"index, follow, max-snippet:-1, max-image-preview:large, max-video-preview:-1\" \/>\n<link rel=\"canonical\" href=\"https:\/\/musica.santjosep.org\/es\/festivales\/cala-de-bou-express\/\" \/>\n<meta property=\"og:locale\" content=\"es_ES\" \/>\n<meta property=\"og:type\" content=\"article\" \/>\n<meta property=\"og:title\" content=\"Cala de Bou Express - Sant Josep \u00e9s m\u00fasica\" \/>\n<meta property=\"og:description\" content=\"Festival de rock con motivo de las fiestas patronales de Cala de Bou y Port des Torrent, con conciertos en diversos bares enlazados por un tren tur\u00edstico\" \/>\n<meta property=\"og:url\" content=\"https:\/\/musica.santjosep.org\/es\/festivales\/cala-de-bou-express\/\" \/>\n<meta property=\"og:site_name\" content=\"Sant Josep \u00e9s m\u00fasica\" \/>\n<meta property=\"article:publisher\" content=\"https:\/\/www.facebook.com\/Sant-Josep-s-Msica-105337042007790\" \/>\n<meta property=\"article:modified_time\" content=\"2024-10-23T12:59:25+00:00\" \/>\n<meta property=\"og:image\" content=\"https:\/\/musica.santjosep.org\/wp-content\/uploads\/2022\/05\/Rock-Express-63.jpg\" \/>\n\t<meta property=\"og:image:width\" content=\"1400\" \/>\n\t<meta property=\"og:image:height\" content=\"934\" \/>\n\t<meta property=\"og:image:type\" content=\"image\/jpeg\" \/>\n<meta name=\"twitter:card\" content=\"summary_large_image\" \/>\n<meta name=\"twitter:site\" content=\"@MusicaSantJosep\" \/>\n<meta name=\"twitter:label1\" content=\"Tiempo de lectura\" \/>\n\t<meta name=\"twitter:data1\" content=\"1 minuto\" \/>\n<script type=\"application\/ld+json\" class=\"yoast-schema-graph\">{\"@context\":\"https:\/\/schema.org\",\"@graph\":[{\"@type\":\"WebPage\",\"@id\":\"https:\/\/musica.santjosep.org\/es\/festivales\/cala-de-bou-express\/\",\"url\":\"https:\/\/musica.santjosep.org\/es\/festivales\/cala-de-bou-express\/\",\"name\":\"Cala de Bou Express - Sant Josep \u00e9s m\u00fasica\",\"isPartOf\":{\"@id\":\"https:\/\/musica.santjosep.org\/es\/#website\"},\"primaryImageOfPage\":{\"@id\":\"https:\/\/musica.santjosep.org\/es\/festivales\/cala-de-bou-express\/#primaryimage\"},\"image\":{\"@id\":\"https:\/\/musica.santjosep.org\/es\/festivales\/cala-de-bou-express\/#primaryimage\"},\"thumbnailUrl\":\"https:\/\/musica.santjosep.org\/wp-content\/uploads\/2022\/05\/Rock-Express-63.jpg\",\"datePublished\":\"2022-05-15T16:25:44+00:00\",\"dateModified\":\"2024-10-23T12:59:25+00:00\",\"breadcrumb\":{\"@id\":\"https:\/\/musica.santjosep.org\/es\/festivales\/cala-de-bou-express\/#breadcrumb\"},\"inLanguage\":\"es\",\"potentialAction\":[{\"@type\":\"ReadAction\",\"target\":[\"https:\/\/musica.santjosep.org\/es\/festivales\/cala-de-bou-express\/\"]}]},{\"@type\":\"ImageObject\",\"inLanguage\":\"es\",\"@id\":\"https:\/\/musica.santjosep.org\/es\/festivales\/cala-de-bou-express\/#primaryimage\",\"url\":\"https:\/\/musica.santjosep.org\/wp-content\/uploads\/2022\/05\/Rock-Express-63.jpg\",\"contentUrl\":\"https:\/\/musica.santjosep.org\/wp-content\/uploads\/2022\/05\/Rock-Express-63.jpg\",\"width\":1400,\"height\":934,\"caption\":\"Joan F. Ribas\"},{\"@type\":\"BreadcrumbList\",\"@id\":\"https:\/\/musica.santjosep.org\/es\/festivales\/cala-de-bou-express\/#breadcrumb\",\"itemListElement\":[{\"@type\":\"ListItem\",\"position\":1,\"name\":\"Portada\",\"item\":\"https:\/\/musica.santjosep.org\/es\/\"},{\"@type\":\"ListItem\",\"position\":2,\"name\":\"Festivales\",\"item\":\"https:\/\/musica.santjosep.org\/es\/festivales\/\"},{\"@type\":\"ListItem\",\"position\":3,\"name\":\"Cala de Bou Express\"}]},{\"@type\":\"WebSite\",\"@id\":\"https:\/\/musica.santjosep.org\/es\/#website\",\"url\":\"https:\/\/musica.santjosep.org\/es\/\",\"name\":\"Sant Josep \u00e9s m\u00fasica\",\"description\":\"Informaci\u00f3n actualizada de todos los conciertos, grupos y artistas que act\u00faen tanto en fiestas y festivales, como en establecimientos privados en el municipio de Sant Josep de sa Talaia\",\"publisher\":{\"@id\":\"https:\/\/musica.santjosep.org\/es\/#organization\"},\"potentialAction\":[{\"@type\":\"SearchAction\",\"target\":{\"@type\":\"EntryPoint\",\"urlTemplate\":\"https:\/\/musica.santjosep.org\/es\/?s={search_term_string}\"},\"query-input\":{\"@type\":\"PropertyValueSpecification\",\"valueRequired\":true,\"valueName\":\"search_term_string\"}}],\"inLanguage\":\"es\"},{\"@type\":\"Organization\",\"@id\":\"https:\/\/musica.santjosep.org\/es\/#organization\",\"name\":\"Sant Josep \u00e9s m\u00fasica\",\"url\":\"https:\/\/musica.santjosep.org\/es\/\",\"logo\":{\"@type\":\"ImageObject\",\"inLanguage\":\"es\",\"@id\":\"https:\/\/musica.santjosep.org\/es\/#\/schema\/logo\/image\/\",\"url\":\"https:\/\/musica.santjosep.org\/wp-content\/uploads\/2022\/01\/logo-SJEM.png\",\"contentUrl\":\"https:\/\/musica.santjosep.org\/wp-content\/uploads\/2022\/01\/logo-SJEM.png\",\"width\":213,\"height\":103,\"caption\":\"Sant Josep \u00e9s m\u00fasica\"},\"image\":{\"@id\":\"https:\/\/musica.santjosep.org\/es\/#\/schema\/logo\/image\/\"},\"sameAs\":[\"https:\/\/www.facebook.com\/Sant-Josep-s-Msica-105337042007790\",\"https:\/\/x.com\/MusicaSantJosep\",\"https:\/\/www.instagram.com\/musicasantjosep\/\",\"https:\/\/www.youtube.com\/channel\/UCBSLSUpqfrfsiOMVslmZEJA\"]}]}<\/script>\n<!-- \/ Yoast SEO plugin. -->","yoast_head_json":{"title":"Cala de Bou Express - Sant Josep \u00e9s m\u00fasica","robots":{"index":"index","follow":"follow","max-snippet":"max-snippet:-1","max-image-preview":"max-image-preview:large","max-video-preview":"max-video-preview:-1"},"canonical":"https:\/\/musica.santjosep.org\/es\/festivales\/cala-de-bou-express\/","og_locale":"es_ES","og_type":"article","og_title":"Cala de Bou Express - Sant Josep \u00e9s m\u00fasica","og_description":"Festival de rock con motivo de las fiestas patronales de Cala de Bou y Port des Torrent, con conciertos en diversos bares enlazados por un tren tur\u00edstico","og_url":"https:\/\/musica.santjosep.org\/es\/festivales\/cala-de-bou-express\/","og_site_name":"Sant Josep \u00e9s m\u00fasica","article_publisher":"https:\/\/www.facebook.com\/Sant-Josep-s-Msica-105337042007790","article_modified_time":"2024-10-23T12:59:25+00:00","og_image":[{"width":1400,"height":934,"url":"https:\/\/musica.santjosep.org\/wp-content\/uploads\/2022\/05\/Rock-Express-63.jpg","type":"image\/jpeg"}],"twitter_card":"summary_large_image","twitter_site":"@MusicaSantJosep","twitter_misc":{"Tiempo de lectura":"1 minuto"},"schema":{"@context":"https:\/\/schema.org","@graph":[{"@type":"WebPage","@id":"https:\/\/musica.santjosep.org\/es\/festivales\/cala-de-bou-express\/","url":"https:\/\/musica.santjosep.org\/es\/festivales\/cala-de-bou-express\/","name":"Cala de Bou Express - Sant Josep \u00e9s m\u00fasica","isPartOf":{"@id":"https:\/\/musica.santjosep.org\/es\/#website"},"primaryImageOfPage":{"@id":"https:\/\/musica.santjosep.org\/es\/festivales\/cala-de-bou-express\/#primaryimage"},"image":{"@id":"https:\/\/musica.santjosep.org\/es\/festivales\/cala-de-bou-express\/#primaryimage"},"thumbnailUrl":"https:\/\/musica.santjosep.org\/wp-content\/uploads\/2022\/05\/Rock-Express-63.jpg","datePublished":"2022-05-15T16:25:44+00:00","dateModified":"2024-10-23T12:59:25+00:00","breadcrumb":{"@id":"https:\/\/musica.santjosep.org\/es\/festivales\/cala-de-bou-express\/#breadcrumb"},"inLanguage":"es","potentialAction":[{"@type":"ReadAction","target":["https:\/\/musica.santjosep.org\/es\/festivales\/cala-de-bou-express\/"]}]},{"@type":"ImageObject","inLanguage":"es","@id":"https:\/\/musica.santjosep.org\/es\/festivales\/cala-de-bou-express\/#primaryimage","url":"https:\/\/musica.santjosep.org\/wp-content\/uploads\/2022\/05\/Rock-Express-63.jpg","contentUrl":"https:\/\/musica.santjosep.org\/wp-content\/uploads\/2022\/05\/Rock-Express-63.jpg","width":1400,"height":934,"caption":"Joan F. Ribas"},{"@type":"BreadcrumbList","@id":"https:\/\/musica.santjosep.org\/es\/festivales\/cala-de-bou-express\/#breadcrumb","itemListElement":[{"@type":"ListItem","position":1,"name":"Portada","item":"https:\/\/musica.santjosep.org\/es\/"},{"@type":"ListItem","position":2,"name":"Festivales","item":"https:\/\/musica.santjosep.org\/es\/festivales\/"},{"@type":"ListItem","position":3,"name":"Cala de Bou Express"}]},{"@type":"WebSite","@id":"https:\/\/musica.santjosep.org\/es\/#website","url":"https:\/\/musica.santjosep.org\/es\/","name":"Sant Josep \u00e9s m\u00fasica","description":"Informaci\u00f3n actualizada de todos los conciertos, grupos y artistas que act\u00faen tanto en fiestas y festivales, como en establecimientos privados en el municipio de Sant Josep de sa Talaia","publisher":{"@id":"https:\/\/musica.santjosep.org\/es\/#organization"},"potentialAction":[{"@type":"SearchAction","target":{"@type":"EntryPoint","urlTemplate":"https:\/\/musica.santjosep.org\/es\/?s={search_term_string}"},"query-input":{"@type":"PropertyValueSpecification","valueRequired":true,"valueName":"search_term_string"}}],"inLanguage":"es"},{"@type":"Organization","@id":"https:\/\/musica.santjosep.org\/es\/#organization","name":"Sant Josep \u00e9s m\u00fasica","url":"https:\/\/musica.santjosep.org\/es\/","logo":{"@type":"ImageObject","inLanguage":"es","@id":"https:\/\/musica.santjosep.org\/es\/#\/schema\/logo\/image\/","url":"https:\/\/musica.santjosep.org\/wp-content\/uploads\/2022\/01\/logo-SJEM.png","contentUrl":"https:\/\/musica.santjosep.org\/wp-content\/uploads\/2022\/01\/logo-SJEM.png","width":213,"height":103,"caption":"Sant Josep \u00e9s m\u00fasica"},"image":{"@id":"https:\/\/musica.santjosep.org\/es\/#\/schema\/logo\/image\/"},"sameAs":["https:\/\/www.facebook.com\/Sant-Josep-s-Msica-105337042007790","https:\/\/x.com\/MusicaSantJosep","https:\/\/www.instagram.com\/musicasantjosep\/","https:\/\/www.youtube.com\/channel\/UCBSLSUpqfrfsiOMVslmZEJA"]}]}},"_links":{"self":[{"href":"https:\/\/musica.santjosep.org\/es\/wp-json\/wp\/v2\/festivales\/7068","targetHints":{"allow":["GET"]}}],"collection":[{"href":"https:\/\/musica.santjosep.org\/es\/wp-json\/wp\/v2\/festivales"}],"about":[{"href":"https:\/\/musica.santjosep.org\/es\/wp-json\/wp\/v2\/types\/festivales"}],"author":[{"embeddable":true,"href":"https:\/\/musica.santjosep.org\/es\/wp-json\/wp\/v2\/users\/2"}],"version-history":[{"count":0,"href":"https:\/\/musica.santjosep.org\/es\/wp-json\/wp\/v2\/festivales\/7068\/revisions"}],"wp:featuredmedia":[{"embeddable":true,"href":"https:\/\/musica.santjosep.org\/es\/wp-json\/wp\/v2\/media\/15933"}],"wp:attachment":[{"href":"https:\/\/musica.santjosep.org\/es\/wp-json\/wp\/v2\/media?parent=7068"}],"wp:term":[{"taxonomy":"category","embeddable":true,"href":"https:\/\/musica.santjosep.org\/es\/wp-json\/wp\/v2\/categories?post=7068"}],"curies":[{"name":"wp","href":"https:\/\/api.w.org\/{rel}","templated":true}]}}